{"version":"1.0","provider_name":"PER TU","provider_url":"https:\/\/www.pertu.org","author_name":"pertuorg","author_url":"https:\/\/www.pertu.org\/index.php\/author\/pertuorg\/","title":"PER TU S\u2019END\u00da LA VICT\u00d2RIA A LES MUNICIPALS A ASC\u00d3 28\/05\/2019 - PER TU","type":"rich","width":600,"height":338,"html":"<blockquote class=\"wp-embedded-content\" data-secret=\"qksfj1Bami\"><a href=\"https:\/\/www.pertu.org\/index.php\/2019\/05\/28\/per-tu-victoria-municipals-asco-28052019\/\">PER TU S\u2019END\u00da LA VICT\u00d2RIA A LES MUNICIPALS A ASC\u00d3 28\/05\/2019<\/a><\/blockquote><iframe sandbox=\"allow-scripts\" security=\"restricted\" src=\"https:\/\/www.pertu.org\/index.php\/2019\/05\/28\/per-tu-victoria-municipals-asco-28052019\/embed\/#?secret=qksfj1Bami\" width=\"600\" height=\"338\" title=\"&#8220;PER TU S\u2019END\u00da LA VICT\u00d2RIA A LES MUNICIPALS A ASC\u00d3 28\/05\/2019&#8221; &#8212; PER TU\" data-secret=\"qksfj1Bami\" frameborder=\"0\" marginwidth=\"0\" marginheight=\"0\" scrolling=\"no\" class=\"wp-embedded-content\"><\/iframe><script>\n\/*! This file is auto-generated *\/\n!function(d,l){\"use strict\";l.querySelector&&d.addEventListener&&\"undefined\"!=typeof URL&&(d.wp=d.wp||{},d.wp.receiveEmbedMessage||(d.wp.receiveEmbedMessage=function(e){var t=e.data;if((t||t.secret||t.message||t.value)&&!\/[^a-zA-Z0-9]\/.test(t.secret)){for(var s,r,n,a=l.querySelectorAll('iframe[data-secret=\"'+t.secret+'\"]'),o=l.querySelectorAll('blockquote[data-secret=\"'+t.secret+'\"]'),c=new RegExp(\"^https?:$\",\"i\"),i=0;i<o.length;i++)o[i].style.display=\"none\";for(i=0;i<a.length;i++)s=a[i],e.source===s.contentWindow&&(s.removeAttribute(\"style\"),\"height\"===t.message?(1e3<(r=parseInt(t.value,10))?r=1e3:~~r<200&&(r=200),s.height=r):\"link\"===t.message&&(r=new URL(s.getAttribute(\"src\")),n=new URL(t.value),c.test(n.protocol))&&n.host===r.host&&l.activeElement===s&&(d.top.location.href=t.value))}},d.addEventListener(\"message\",d.wp.receiveEmbedMessage,!1),l.addEventListener(\"DOMContentLoaded\",function(){for(var e,t,s=l.querySelectorAll(\"iframe.wp-embedded-content\"),r=0;r<s.length;r++)(t=(e=s[r]).getAttribute(\"data-secret\"))||(t=Math.random().toString(36).substring(2,12),e.src+=\"#?secret=\"+t,e.setAttribute(\"data-secret\",t)),e.contentWindow.postMessage({message:\"ready\",secret:t},\"*\")},!1)))}(window,document);\n\/\/# sourceURL=https:\/\/www.pertu.org\/wp-includes\/js\/wp-embed.min.js\n<\/script>\n","description":"El partit PER TU ha aconseguit emportar-se la vict\u00f2ria a Asc\u00f3 en unes eleccions molt disputades ja que hi concorrien un total de sis candidatures, el m\u00e0xim nombre fins ara des de 1979 en\u00e7\u00e0, any de les primeres eleccions des de la represa democr\u00e0tica.","thumbnail_url":"https:\/\/www.pertu.org\/wp-content\/uploads\/2019\/03\/favicon-1.png","thumbnail_width":512,"thumbnail_height":512}