{"version":"1.0","provider_name":"PER TU","provider_url":"https:\/\/www.pertu.org","author_name":"redactor","author_url":"https:\/\/www.pertu.org\/index.php\/author\/redactor\/","title":"Suma't a la revoluci\u00f3 dels pobles - PER TU","type":"rich","width":600,"height":338,"html":"<blockquote class=\"wp-embedded-content\" data-secret=\"TpJBUcDldC\"><a href=\"https:\/\/www.pertu.org\/index.php\/i-congres-per-tu-2022\/\">Suma&#8217;t a la revoluci\u00f3 dels pobles<\/a><\/blockquote><iframe sandbox=\"allow-scripts\" security=\"restricted\" src=\"https:\/\/www.pertu.org\/index.php\/i-congres-per-tu-2022\/embed\/#?secret=TpJBUcDldC\" width=\"600\" height=\"338\" title=\"&#8220;Suma&#8217;t a la revoluci\u00f3 dels pobles&#8221; &#8212; PER TU\" data-secret=\"TpJBUcDldC\" frameborder=\"0\" marginwidth=\"0\" marginheight=\"0\" scrolling=\"no\" class=\"wp-embedded-content\"><\/iframe><script>\n\/*! This file is auto-generated *\/\n!function(d,l){\"use strict\";l.querySelector&&d.addEventListener&&\"undefined\"!=typeof URL&&(d.wp=d.wp||{},d.wp.receiveEmbedMessage||(d.wp.receiveEmbedMessage=function(e){var t=e.data;if((t||t.secret||t.message||t.value)&&!\/[^a-zA-Z0-9]\/.test(t.secret)){for(var s,r,n,a=l.querySelectorAll('iframe[data-secret=\"'+t.secret+'\"]'),o=l.querySelectorAll('blockquote[data-secret=\"'+t.secret+'\"]'),c=new RegExp(\"^https?:$\",\"i\"),i=0;i<o.length;i++)o[i].style.display=\"none\";for(i=0;i<a.length;i++)s=a[i],e.source===s.contentWindow&&(s.removeAttribute(\"style\"),\"height\"===t.message?(1e3<(r=parseInt(t.value,10))?r=1e3:~~r<200&&(r=200),s.height=r):\"link\"===t.message&&(r=new URL(s.getAttribute(\"src\")),n=new URL(t.value),c.test(n.protocol))&&n.host===r.host&&l.activeElement===s&&(d.top.location.href=t.value))}},d.addEventListener(\"message\",d.wp.receiveEmbedMessage,!1),l.addEventListener(\"DOMContentLoaded\",function(){for(var e,t,s=l.querySelectorAll(\"iframe.wp-embedded-content\"),r=0;r<s.length;r++)(t=(e=s[r]).getAttribute(\"data-secret\"))||(t=Math.random().toString(36).substring(2,12),e.src+=\"#?secret=\"+t,e.setAttribute(\"data-secret\",t)),e.contentWindow.postMessage({message:\"ready\",secret:t},\"*\")},!1)))}(window,document);\n\/\/# sourceURL=https:\/\/www.pertu.org\/wp-includes\/js\/wp-embed.min.js\n<\/script>\n","description":"T'apuntes a la revoluci\u00f3 de la pol\u00edtica local? PER TU organitza el seu primer congr\u00e9s el proper dissabte 28 de maig a Asc\u00f3.","thumbnail_url":"https:\/\/www.pertu.org\/wp-content\/uploads\/2022\/05\/1-1-300x300.png"}