{"id":384,"date":"2022-05-02T12:06:00","date_gmt":"2022-05-02T10:06:00","guid":{"rendered":"https:\/\/www.pertu.org\/?page_id=384"},"modified":"2022-12-04T00:20:28","modified_gmt":"2022-12-03T22:20:28","slug":"qui-som","status":"publish","type":"page","link":"https:\/\/www.pertu.org\/","title":{"rendered":"Qui som?"},"content":{"rendered":"\n<figure class=\"wp-block-embed is-type-video is-provider-youtube wp-block-embed-youtube wp-embed-aspect-16-9 wp-has-aspect-ratio\"><div class=\"wp-block-embed__wrapper\">\n<iframe loading=\"lazy\" title=\"1er Congr\u00e9s de Per Tu\" width=\"525\" height=\"295\" src=\"https:\/\/www.youtube.com\/embed\/PUq5SC6yIh8?feature=oembed\" frameborder=\"0\" allow=\"accelerometer; autoplay; clipboard-write; encrypted-media; gyroscope; picture-in-picture; web-share\" referrerpolicy=\"strict-origin-when-cross-origin\" allowfullscreen><\/iframe>\n<\/div><\/figure>\n\n\n<p><strong><img loading=\"lazy\" decoding=\"async\" class=\" wp-image-70 alignleft\" src=\"https:\/\/www.pertu.org\/wp-content\/uploads\/2019\/03\/favicon-1-300x300.png\" alt=\"\" width=\"183\" height=\"183\" srcset=\"https:\/\/www.pertu.org\/wp-content\/uploads\/2019\/03\/favicon-1-300x300.png 300w, https:\/\/www.pertu.org\/wp-content\/uploads\/2019\/03\/favicon-1-150x150.png 150w, https:\/\/www.pertu.org\/wp-content\/uploads\/2019\/03\/favicon-1-100x100.png 100w, https:\/\/www.pertu.org\/wp-content\/uploads\/2019\/03\/favicon-1.png 512w\" sizes=\"auto, (max-width: 183px) 100vw, 183px\" \/>PER TU<\/strong> \u00e9s un partit pol\u00edtic de car\u00e0cter municipalista que neix l&#8217;any 2019 a Asc\u00f3. El seu objectiu: donar resposta a les inquietuds de la ciutadania davant els reptes als quals s\u2019encararia el poble en els propers anys.<\/p>\n<p>Despr\u00e9s de guanyar les eleccions a Asc\u00f3, <strong>PER TU<\/strong> es veu amb la voluntat de cr\u00e9ixer i servir com a eina de progr\u00e9s per a altres pobles del territori catal\u00e0.<\/p>\n<p>Aquest \u00e9s un projecte transversal i obert que es marca com a guia el progr\u00e9s econ\u00f2mic i social a trav\u00e9s d\u2019una gesti\u00f3 pol\u00edtica des de la&nbsp;<strong>proximitat<\/strong> en qu\u00e8 escoltar-nos ha de ser una obligaci\u00f3. No som un partit que governa des de grans despatxos, no tenim interessos compromesos que no vagin m\u00e9s enll\u00e0 de les preocupacions dels habitants dels nostres pobles.<\/p>\n<p>Per aix\u00f2 cal que els nostres representants aportin&nbsp;<strong>sentit com\u00fa<\/strong>&nbsp;en les decisions que calgui prendre fruit del&nbsp;<strong>comprom\u00eds<\/strong>&nbsp;envers el poble i el territori.<\/p>\n<p><strong>PER TU<\/strong> sorgeix de la suma de moltes voluntats diverses i unides per la <strong>il\u00b7lusi\u00f3<\/strong>. Determinades a aportar tot el seu <strong>esfor\u00e7<\/strong> per millorar el futur de totes les poblacions del territori. Per aquest prop\u00f2sit, cal comptar amb tothom. Per fer avan\u00e7ar els nostres pobles, totes les persones som necess\u00e0ries. Volem que tots els pobles del territori estiguin m\u00e9s vius que mai. <strong>Suma&#8217;t al canvi, suma&#8217;t a la revoluci\u00f3 dels pobles.<\/strong><\/p>\n\n\n<div class=\"wp-block-columns is-layout-flex wp-container-core-columns-is-layout-9d6595d7 wp-block-columns-is-layout-flex\">\n<div class=\"wp-block-column is-layout-flow wp-block-column-is-layout-flow\"><div class=\"cff-wrapper\">\t<div id=\"cff-visual-header-320262175342723\" class=\"cff-visual-header cff-has-name cff-has-about cff-has-cover\">\n\t\t\t\t\t\t<div class=\"cff-header-hero\">\n\t\t\t<img decoding=\"async\" src=\"https:\/\/scontent-vie1-1.xx.fbcdn.net\/v\/t39.30808-6\/470186315_1001444415354799_7949403396922720801_n.jpg?_nc_cat=106&#038;ccb=1-7&#038;_nc_sid=351699&#038;_nc_ohc=Z9egBordgiwQ7kNvwGbOeTA&#038;_nc_oc=Adof8l4DKFpPkGgPI5alWPMlEYlzfkFPD3MZ6ePordatX7aVTkKzBuYz12tyT22CiNo&#038;_nc_zt=23&#038;_nc_ht=scontent-vie1-1.xx&#038;edm=AJdBtusEAAAA&#038;_nc_gid=4FqZgEHqREbA-P5F2K3NnQ&#038;_nc_tpa=Q5bMBQHVDWyk29odg0S70TkijeRK-3FL3Od0al4AV9_6A52kIzl3zjNfP4M4iCMQCJfn_0WywCdvtHTodg&#038;oh=00_Af3STXSDmqYKSSYB8pDC9GORq2UwRbOp_jO8ZlS9U0U4Eg&#038;oe=69F64316\" alt=\"Cover for PER TU\" data-cover-url=\"https:\/\/scontent-vie1-1.xx.fbcdn.net\/v\/t39.30808-6\/470186315_1001444415354799_7949403396922720801_n.jpg?_nc_cat=106&#038;ccb=1-7&#038;_nc_sid=351699&#038;_nc_ohc=Z9egBordgiwQ7kNvwGbOeTA&#038;_nc_oc=Adof8l4DKFpPkGgPI5alWPMlEYlzfkFPD3MZ6ePordatX7aVTkKzBuYz12tyT22CiNo&#038;_nc_zt=23&#038;_nc_ht=scontent-vie1-1.xx&#038;edm=AJdBtusEAAAA&#038;_nc_gid=4FqZgEHqREbA-P5F2K3NnQ&#038;_nc_tpa=Q5bMBQHVDWyk29odg0S70TkijeRK-3FL3Od0al4AV9_6A52kIzl3zjNfP4M4iCMQCJfn_0WywCdvtHTodg&#038;oh=00_Af3STXSDmqYKSSYB8pDC9GORq2UwRbOp_jO8ZlS9U0U4Eg&#038;oe=69F64316\">\n\t\t\t\t\t\t<div class=\"cff-likes-box\">\n\t\t\t\t<div class=\"cff-square-logo\"><svg aria-hidden=\"true\" focusable=\"false\" data-prefix=\"fab\" data-icon=\"facebook-square\" role=\"img\" xmlns=\"http:\/\/www.w3.org\/2000\/svg\" viewBox=\"0 0 448 512\" class=\"svg-inline--fa fa-facebook-square fa-w-14\"><path fill=\"currentColor\" d=\"M400 32H48A48 48 0 0 0 0 80v352a48 48 0 0 0 48 48h137.25V327.69h-63V256h63v-54.64c0-62.15 37-96.48 93.67-96.48 27.14 0 55.52 4.84 55.52 4.84v61h-31.27c-30.81 0-40.42 19.12-40.42 38.73V256h68.78l-11 71.69h-57.78V480H400a48 48 0 0 0 48-48V80a48 48 0 0 0-48-48z\" class=\"\"><\/path><\/svg><\/div>\n\t\t\t\t<div class=\"cff-likes-count\">\n\t\t\t\t\t217\t\t\t\t<\/div>\n\t\t\t<\/div>\n\t\t\t\t\t<\/div>\n\t\t\t\t<div class=\"cff-header-inner-wrap\">\n\t\t\t\t\t\t\t<div class=\"cff-header-img\">\n\t\t\t\t\t<a href=\"https:\/\/www.facebook.com\/320262175342723\" target=\"_blank\" rel=\"nofollow noopener\" title=\"PER TU\"><img decoding=\"async\" src=\"https:\/\/scontent-vie1-1.xx.fbcdn.net\/v\/t39.30808-1\/270355002_291911689641412_8098576748760759071_n.png?stp=dst-png_s160x160&#038;_nc_cat=109&#038;ccb=1-7&#038;_nc_sid=08baa4&#038;_nc_ohc=nibk2cwBKZYQ7kNvwH5dYNJ&#038;_nc_oc=AdrLmzb_laEFkQsm7l_B2BDIzVcopggE2Ao28z0DoFyZweKUkTU-gHFIs_IpEbJiITU&#038;_nc_zt=24&#038;_nc_ht=scontent-vie1-1.xx&#038;edm=AJdBtusEAAAA&#038;_nc_gid=4FqZgEHqREbA-P5F2K3NnQ&#038;_nc_tpa=Q5bMBQHqgb6UC5WUWtOeAb9Jorw9iyH-UWLEfhhmj7fwycd31ELqHQKIpLkBbBxKy527IGwm5AU8sfSx8A&#038;oh=00_Af2NnjTkEfB11VWFhmDGchD3qyw_soBpcMrYEBRgWQcXQw&#038;oe=69F640C3\" alt=\"PER TU\" data-avatar=\"https:\/\/scontent-vie1-1.xx.fbcdn.net\/v\/t39.30808-1\/270355002_291911689641412_8098576748760759071_n.png?stp=dst-png_s160x160&#038;_nc_cat=109&#038;ccb=1-7&#038;_nc_sid=08baa4&#038;_nc_ohc=nibk2cwBKZYQ7kNvwH5dYNJ&#038;_nc_oc=AdrLmzb_laEFkQsm7l_B2BDIzVcopggE2Ao28z0DoFyZweKUkTU-gHFIs_IpEbJiITU&#038;_nc_zt=24&#038;_nc_ht=scontent-vie1-1.xx&#038;edm=AJdBtusEAAAA&#038;_nc_gid=4FqZgEHqREbA-P5F2K3NnQ&#038;_nc_tpa=Q5bMBQHqgb6UC5WUWtOeAb9Jorw9iyH-UWLEfhhmj7fwycd31ELqHQKIpLkBbBxKy527IGwm5AU8sfSx8A&#038;oh=00_Af2NnjTkEfB11VWFhmDGchD3qyw_soBpcMrYEBRgWQcXQw&#038;oe=69F640C3\"><\/a>\n\t\t\t\t<\/div>\n\t\t\t\t\t\t<div class=\"cff-header-text\" >\n\n\t\t\t\t            <a href=\"https:\/\/www.facebook.com\/320262175342723\" target=\"_blank\" rel=\"nofollow noopener\" title=\"PER TU\" class=\"cff-header-name\"><h3 style=\"font-size:inheritpx;\">PER TU<\/h3><\/a>\n\t\t\t\t        \t\t\t\t\t\t\t<p class=\"cff-bio\">PER TU \u00e9s un partit pol\u00edtic que neix amb la voluntat de donar resposta a les inquietuds de la ciut<\/p>\n\t\t\t\t\t\t<\/div>\n\t\t<\/div>\n\t<\/div>\n<div class=\"cff-wrapper-ctn \" ><div id=\"cff\"  class=\"cff cff-list-container  cff-default-styles  cff-mob-cols-1 cff-tab-cols-1\"   style=\"width:100%;\"   data-char=\"400\"  data-nummobile=\"1\" data-pag-num=\"2\" ><div class=\"cff-posts-wrap\"><div id=\"cff_320262175342723_1410330374466199\" class=\"cff-item cff-photo-post author-per-tu\"  style=\"border-bottom: 1px solid #ddd;\">\n\t<div class=\"cff-author\">\n\t<div class=\"cff-author-text\">\n\t\t\t\t\t<div class=\"cff-page-name cff-author-date\" >\n\t\t\t\t<a href=\"https:\/\/facebook.com\/320262175342723\" target=\"_blank\" rel=\"nofollow noopener\" >PER TU<\/a>\n\t\t\t\t<span class=\"cff-story\"> <\/span>\n\t\t\t<\/div>\n\t\t\t\n<p class=\"cff-date\" > 1 week ago <\/p>\n\t\t\t<\/div>\n\t<div class=\"cff-author-img \" data-avatar=\"https:\/\/scontent-vie1-1.xx.fbcdn.net\/v\/t39.30808-1\/270355002_291911689641412_8098576748760759071_n.png?stp=cp0_dst-png_s50x50&#038;_nc_cat=109&#038;ccb=1-7&#038;_nc_sid=f907e8&#038;_nc_ohc=nibk2cwBKZYQ7kNvwH5dYNJ&#038;_nc_oc=AdrLmzb_laEFkQsm7l_B2BDIzVcopggE2Ao28z0DoFyZweKUkTU-gHFIs_IpEbJiITU&#038;_nc_zt=24&#038;_nc_ht=scontent-vie1-1.xx&#038;edm=AKIiGfEEAAAA&#038;_nc_gid=_aMGGb03IXxqH9zFD-r4hg&#038;_nc_tpa=Q5bMBQEVke6jcze06bcyFQW3h-CTIB9iGL6uz1drfCT4sB9pkj5ZdcomAPEG5tNt_UyTRDuztYNmbg-7yw&#038;oh=00_Af29BEO-mZAoQVokb4veTtclowOjeSJeIw3FkUnoSka6_g&#038;oe=69F640C3\">\n\t\t<a href=\"https:\/\/facebook.com\/320262175342723\" target=\"_blank\" rel=\"nofollow noopener\" ><img decoding=\"async\" src=\"https:\/\/scontent-vie1-1.xx.fbcdn.net\/v\/t39.30808-1\/270355002_291911689641412_8098576748760759071_n.png?stp=cp0_dst-png_s50x50&#038;_nc_cat=109&#038;ccb=1-7&#038;_nc_sid=f907e8&#038;_nc_ohc=nibk2cwBKZYQ7kNvwH5dYNJ&#038;_nc_oc=AdrLmzb_laEFkQsm7l_B2BDIzVcopggE2Ao28z0DoFyZweKUkTU-gHFIs_IpEbJiITU&#038;_nc_zt=24&#038;_nc_ht=scontent-vie1-1.xx&#038;edm=AKIiGfEEAAAA&#038;_nc_gid=_aMGGb03IXxqH9zFD-r4hg&#038;_nc_tpa=Q5bMBQEVke6jcze06bcyFQW3h-CTIB9iGL6uz1drfCT4sB9pkj5ZdcomAPEG5tNt_UyTRDuztYNmbg-7yw&#038;oh=00_Af29BEO-mZAoQVokb4veTtclowOjeSJeIw3FkUnoSka6_g&#038;oe=69F640C3\" title=\"PER TU\" alt=\"PER TU\" width=40 height=40 onerror=\"this.style.display='none'\"><\/a>\n\t<\/div>\n<\/div>\n\n<div class=\"cff-post-text\" >\n\t<span class=\"cff-text\" data-color=\"\">\n\t\tDes de PerTu, us desitgem una molt bona diada de Sant Jordi. \ud83c\udf39\ud83d\udcd6 <a href=\"https:\/\/facebook.com\/146409652208705\">#diadasantjordi<\/a>\t\t\t<\/span>\n\t<span class=\"cff-expand\">&#8230; <a href=\"#\" style=\"color: #\"><span class=\"cff-more\">See More<\/span><span class=\"cff-less\">See Less<\/span><\/a><\/span>\n\n<\/div>\n\n<p class=\"cff-media-link\">\n\t<a href=\"https:\/\/www.facebook.com\/photo.php?fbid=1410330341132869&#038;set=a.291911662974748&#038;type=3\" target=\"_blank\" style=\"color: #\">\n\t\t<span style=\"padding-right: 5px;\" class=\"fa fas fa-picture-o fa-image\"><\/span>Photo\t<\/a>\n<\/p>\n\t<div class=\"cff-post-links\">\n\t\t\t\t\t<a class=\"cff-viewpost-facebook\" href=\"https:\/\/www.facebook.com\/photo.php?fbid=1410330341132869&#038;set=a.291911662974748&#038;type=3\" title=\"View on Facebook\" target=\"_blank\" rel=\"nofollow noopener\" >View on Facebook<\/a>\n\t\t\t\t\t\t\t<div class=\"cff-share-container\">\n\t\t\t\t\t\t\t\t\t<span class=\"cff-dot\" >&middot;<\/span>\n\t\t\t\t\t\t\t\t<a class=\"cff-share-link\" href=\"https:\/\/www.facebook.com\/sharer\/sharer.php?u=https%3A%2F%2Fwww.facebook.com%2Fphoto.php%3Ffbid%3D1410330341132869%26amp%3Bset%3Da.291911662974748%26amp%3Btype%3D3\" title=\"Share\" >Share<\/a>\n\t\t\t\t<p class=\"cff-share-tooltip\">\n\t\t\t\t\t\t\t\t\t\t\t<a href=\"https:\/\/www.facebook.com\/sharer\/sharer.php?u=https%3A%2F%2Fwww.facebook.com%2Fphoto.php%3Ffbid%3D1410330341132869%26amp%3Bset%3Da.291911662974748%26amp%3Btype%3D3\" target=\"_blank\" rel=\"noopener noreferrer\" class=\"cff-facebook-icon\">\n\t\t\t\t\t\t\t<span class=\"fa fab fa-facebook-square\" aria-hidden=\"true\"><\/span>\n\t\t\t\t\t\t\t<span class=\"cff-screenreader\">Share on Facebook<\/span>\n\t\t\t\t\t\t<\/a>\n\t\t\t\t\t\t\t\t\t\t\t<a href=\"https:\/\/twitter.com\/intent\/tweet?text=https%3A%2F%2Fwww.facebook.com%2Fphoto.php%3Ffbid%3D1410330341132869%26amp%3Bset%3Da.291911662974748%26amp%3Btype%3D3\" target=\"_blank\" rel=\"noopener noreferrer\" class=\"cff-twitter-icon\">\n\t\t\t\t\t\t\t<span class=\"fa fab fa-twitter\" aria-hidden=\"true\"><\/span>\n\t\t\t\t\t\t\t<span class=\"cff-screenreader\">Share on Twitter<\/span>\n\t\t\t\t\t\t<\/a>\n\t\t\t\t\t\t\t\t\t\t\t<a href=\"https:\/\/www.linkedin.com\/shareArticle?mini=true&#038;url=https%3A%2F%2Fwww.facebook.com%2Fphoto.php%3Ffbid%3D1410330341132869%26amp%3Bset%3Da.291911662974748%26amp%3Btype%3D3&#038;title=%09%09%09Des%20de%20PerTu%2C%20us%20desitgem%20una%20molt%20bona%20diada%20de%20Sant%20Jordi.%20%F0%9F%8C%B9%F0%9F%93%96%20%23diadasantjordi%09%09%09%09\" target=\"_blank\" rel=\"noopener noreferrer\" class=\"cff-linkedin-icon\">\n\t\t\t\t\t\t\t<span class=\"fa fab fa-linkedin\" aria-hidden=\"true\"><\/span>\n\t\t\t\t\t\t\t<span class=\"cff-screenreader\">Share on Linked In<\/span>\n\t\t\t\t\t\t<\/a>\n\t\t\t\t\t\t\t\t\t\t\t<a href=\"mailto:?subject=Facebook&#038;body=https%3A%2F%2Fwww.facebook.com%2Fphoto.php%3Ffbid%3D1410330341132869%26amp%3Bset%3Da.291911662974748%26amp%3Btype%3D3%20-%20%0A%0A%09%0A%09%09Des%20de%20PerTu%2C%20us%20desitgem%20una%20molt%20bona%20diada%20de%20Sant%20Jordi.%20%F0%9F%8C%B9%F0%9F%93%96%20%23diadasantjordi%09%09%09%0A%09\" target=\"_blank\" rel=\"noopener noreferrer\" class=\"cff-email-icon\">\n\t\t\t\t\t\t\t<span class=\"fa fab fa-envelope\" aria-hidden=\"true\"><\/span>\n\t\t\t\t\t\t\t<span class=\"cff-screenreader\">Share by Email<\/span>\n\t\t\t\t\t\t<\/a>\n\t\t\t\t\t\t\t\t\t<\/p>\n\t\t\t<\/div>\n\t\t\t<\/div>\n\t<\/div>\n\n\n\n<div id=\"cff_320262175342723_1370997588399478\" class=\"cff-item cff-photo-post author-per-tu\"  style=\"border-bottom: 1px solid #ddd;\">\n\t<div class=\"cff-author\">\n\t<div class=\"cff-author-text\">\n\t\t\t\t\t<div class=\"cff-page-name cff-author-date\" >\n\t\t\t\t<a href=\"https:\/\/facebook.com\/320262175342723\" target=\"_blank\" rel=\"nofollow noopener\" >PER TU<\/a>\n\t\t\t\t<span class=\"cff-story\"> <\/span>\n\t\t\t<\/div>\n\t\t\t\n<p class=\"cff-date\" > 2 months ago <\/p>\n\t\t\t<\/div>\n\t<div class=\"cff-author-img \" data-avatar=\"https:\/\/scontent-vie1-1.xx.fbcdn.net\/v\/t39.30808-1\/270355002_291911689641412_8098576748760759071_n.png?stp=cp0_dst-png_s50x50&#038;_nc_cat=109&#038;ccb=1-7&#038;_nc_sid=f907e8&#038;_nc_ohc=nibk2cwBKZYQ7kNvwH5dYNJ&#038;_nc_oc=AdrLmzb_laEFkQsm7l_B2BDIzVcopggE2Ao28z0DoFyZweKUkTU-gHFIs_IpEbJiITU&#038;_nc_zt=24&#038;_nc_ht=scontent-vie1-1.xx&#038;edm=AKIiGfEEAAAA&#038;_nc_gid=_aMGGb03IXxqH9zFD-r4hg&#038;_nc_tpa=Q5bMBQEVke6jcze06bcyFQW3h-CTIB9iGL6uz1drfCT4sB9pkj5ZdcomAPEG5tNt_UyTRDuztYNmbg-7yw&#038;oh=00_Af29BEO-mZAoQVokb4veTtclowOjeSJeIw3FkUnoSka6_g&#038;oe=69F640C3\">\n\t\t<a href=\"https:\/\/facebook.com\/320262175342723\" target=\"_blank\" rel=\"nofollow noopener\" ><img decoding=\"async\" src=\"https:\/\/scontent-vie1-1.xx.fbcdn.net\/v\/t39.30808-1\/270355002_291911689641412_8098576748760759071_n.png?stp=cp0_dst-png_s50x50&#038;_nc_cat=109&#038;ccb=1-7&#038;_nc_sid=f907e8&#038;_nc_ohc=nibk2cwBKZYQ7kNvwH5dYNJ&#038;_nc_oc=AdrLmzb_laEFkQsm7l_B2BDIzVcopggE2Ao28z0DoFyZweKUkTU-gHFIs_IpEbJiITU&#038;_nc_zt=24&#038;_nc_ht=scontent-vie1-1.xx&#038;edm=AKIiGfEEAAAA&#038;_nc_gid=_aMGGb03IXxqH9zFD-r4hg&#038;_nc_tpa=Q5bMBQEVke6jcze06bcyFQW3h-CTIB9iGL6uz1drfCT4sB9pkj5ZdcomAPEG5tNt_UyTRDuztYNmbg-7yw&#038;oh=00_Af29BEO-mZAoQVokb4veTtclowOjeSJeIw3FkUnoSka6_g&#038;oe=69F640C3\" title=\"PER TU\" alt=\"PER TU\" width=40 height=40 onerror=\"this.style.display='none'\"><\/a>\n\t<\/div>\n<\/div>\n\n<div class=\"cff-post-text\" >\n\t<span class=\"cff-text\" data-color=\"\">\n\t\tAvui, 8 de mar\u00e7, commemorem la for\u00e7a, la valentia i la perseveran\u00e7a de totes les dones que, generaci\u00f3 rere generaci\u00f3, han lluitat per una societat m\u00e9s justa.<img class=\"cff-linebreak\" \/><img class=\"cff-linebreak\" \/>Els somnis, com la lluita, venen de lluny. S\u00f3n el resultat de moltes veus que no es van rendir, de passos que van obrir cam\u00ed i d\u2019esperances que continuen vives avui.<img class=\"cff-linebreak\" \/><img class=\"cff-linebreak\" \/>Des de Per Tu, reafirmem el nostre comprom\u00eds amb la igualtat real, els drets de les dones i una societat on totes puguem viure amb llibertat, dignitat i oportunitats.<img class=\"cff-linebreak\" \/><img class=\"cff-linebreak\" \/>Per les que hi van ser.<img class=\"cff-linebreak\" \/>Per les que hi som.<img class=\"cff-linebreak\" \/>Per les que vindran.<img class=\"cff-linebreak\" \/><img class=\"cff-linebreak\" \/>\ud83d\udc9c <a href=\"https:\/\/facebook.com\/490081934389312\">#8M<\/a> #DiaInternacionalDeLesDones #PerTu\t\t\t<\/span>\n\t<span class=\"cff-expand\">&#8230; <a href=\"#\" style=\"color: #\"><span class=\"cff-more\">See More<\/span><span class=\"cff-less\">See Less<\/span><\/a><\/span>\n\n<\/div>\n\n<p class=\"cff-media-link\">\n\t<a href=\"https:\/\/www.facebook.com\/photo.php?fbid=1370997571732813&#038;set=a.291911662974748&#038;type=3\" target=\"_blank\" style=\"color: #\">\n\t\t<span style=\"padding-right: 5px;\" class=\"fa fas fa-picture-o fa-image\"><\/span>Photo\t<\/a>\n<\/p>\n\t<div class=\"cff-post-links\">\n\t\t\t\t\t<a class=\"cff-viewpost-facebook\" href=\"https:\/\/www.facebook.com\/photo.php?fbid=1370997571732813&#038;set=a.291911662974748&#038;type=3\" title=\"View on Facebook\" target=\"_blank\" rel=\"nofollow noopener\" >View on Facebook<\/a>\n\t\t\t\t\t\t\t<div class=\"cff-share-container\">\n\t\t\t\t\t\t\t\t\t<span class=\"cff-dot\" >&middot;<\/span>\n\t\t\t\t\t\t\t\t<a class=\"cff-share-link\" href=\"https:\/\/www.facebook.com\/sharer\/sharer.php?u=https%3A%2F%2Fwww.facebook.com%2Fphoto.php%3Ffbid%3D1370997571732813%26amp%3Bset%3Da.291911662974748%26amp%3Btype%3D3\" title=\"Share\" >Share<\/a>\n\t\t\t\t<p class=\"cff-share-tooltip\">\n\t\t\t\t\t\t\t\t\t\t\t<a href=\"https:\/\/www.facebook.com\/sharer\/sharer.php?u=https%3A%2F%2Fwww.facebook.com%2Fphoto.php%3Ffbid%3D1370997571732813%26amp%3Bset%3Da.291911662974748%26amp%3Btype%3D3\" target=\"_blank\" rel=\"noopener noreferrer\" class=\"cff-facebook-icon\">\n\t\t\t\t\t\t\t<span class=\"fa fab fa-facebook-square\" aria-hidden=\"true\"><\/span>\n\t\t\t\t\t\t\t<span class=\"cff-screenreader\">Share on Facebook<\/span>\n\t\t\t\t\t\t<\/a>\n\t\t\t\t\t\t\t\t\t\t\t<a href=\"https:\/\/twitter.com\/intent\/tweet?text=https%3A%2F%2Fwww.facebook.com%2Fphoto.php%3Ffbid%3D1370997571732813%26amp%3Bset%3Da.291911662974748%26amp%3Btype%3D3\" target=\"_blank\" rel=\"noopener noreferrer\" class=\"cff-twitter-icon\">\n\t\t\t\t\t\t\t<span class=\"fa fab fa-twitter\" aria-hidden=\"true\"><\/span>\n\t\t\t\t\t\t\t<span class=\"cff-screenreader\">Share on Twitter<\/span>\n\t\t\t\t\t\t<\/a>\n\t\t\t\t\t\t\t\t\t\t\t<a href=\"https:\/\/www.linkedin.com\/shareArticle?mini=true&#038;url=https%3A%2F%2Fwww.facebook.com%2Fphoto.php%3Ffbid%3D1370997571732813%26amp%3Bset%3Da.291911662974748%26amp%3Btype%3D3&#038;title=%09%09%09Avui%2C%208%20de%20mar%C3%A7%2C%20commemorem%20la%20for%C3%A7a%2C%20la%20valentia%20i%20la%20perseveran%C3%A7a%20de%20totes%20les%20dones%20que%2C%20generaci%C3%B3%20rere%20generaci%C3%B3%2C%20han%20lluitat%20per%20una%20societat%20m%C3%A9s%20justa.Els%20somnis%2C%20com%20la%20lluita%2C%20venen%20de%20lluny.%20S%C3%B3n%20el%20resultat%20de%20moltes%20veus%20que%20no%20es%20van%20rendir%2C%20de%20passos%20que%20van%20obrir%20cam%C3%AD%20i%20d%E2%80%99esperances%20que%20continuen%20vives%20avui.Des%20de%20Per%20Tu%2C%20reafirmem%20el%20nostre%20comprom%C3%ADs%20amb%20la%20igualtat%20real%2C%20els%20drets%20de%20les%20dones%20i%20una%20societat%20on%20totes%20puguem%20viure%20amb%20llibertat%2C%20dignitat%20i%20oportunitats.Per%20les%20que%20hi%20van%20ser.Per%20les%20que%20hi%20som.Per%20les%20que%20vindran.%F0%9F%92%9C%20%238M%20%23DiaInternacionalDeLesDones%20%23PerTu%09%09%09%09\" target=\"_blank\" rel=\"noopener noreferrer\" class=\"cff-linkedin-icon\">\n\t\t\t\t\t\t\t<span class=\"fa fab fa-linkedin\" aria-hidden=\"true\"><\/span>\n\t\t\t\t\t\t\t<span class=\"cff-screenreader\">Share on Linked In<\/span>\n\t\t\t\t\t\t<\/a>\n\t\t\t\t\t\t\t\t\t\t\t<a href=\"mailto:?subject=Facebook&#038;body=https%3A%2F%2Fwww.facebook.com%2Fphoto.php%3Ffbid%3D1370997571732813%26amp%3Bset%3Da.291911662974748%26amp%3Btype%3D3%20-%20%0A%0A%09%0A%09%09Avui%2C%208%20de%20mar%C3%A7%2C%20commemorem%20la%20for%C3%A7a%2C%20la%20valentia%20i%20la%20perseveran%C3%A7a%20de%20totes%20les%20dones%20que%2C%20generaci%C3%B3%20rere%20generaci%C3%B3%2C%20han%20lluitat%20per%20una%20societat%20m%C3%A9s%20justa.Els%20somnis%2C%20com%20la%20lluita%2C%20venen%20de%20lluny.%20S%C3%B3n%20el%20resultat%20de%20moltes%20veus%20que%20no%20es%20van%20rendir%2C%20de%20passos%20que%20van%20obrir%20cam%C3%AD%20i%20d%E2%80%99esperances%20que%20continuen%20vives%20avui.Des%20de%20Per%20Tu%2C%20reafirmem%20el%20nostre%20comprom%C3%ADs%20amb%20la%20igualtat%20real%2C%20els%20drets%20de%20les%20dones%20i%20una%20societat%20on%20totes%20puguem%20viure%20amb%20llibertat%2C%20dignitat%20i%20oportunitats.Per%20les%20que%20hi%20van%20ser.Per%20les%20que%20hi%20som.Per%20les%20que%20vindran.%F0%9F%92%9C%20%238M%20%23DiaInternacionalDeLesDones%20%23PerTu%09%09%09%0A%09\" target=\"_blank\" rel=\"noopener noreferrer\" class=\"cff-email-icon\">\n\t\t\t\t\t\t\t<span class=\"fa fab fa-envelope\" aria-hidden=\"true\"><\/span>\n\t\t\t\t\t\t\t<span class=\"cff-screenreader\">Share by Email<\/span>\n\t\t\t\t\t\t<\/a>\n\t\t\t\t\t\t\t\t\t<\/p>\n\t\t\t<\/div>\n\t\t\t<\/div>\n\t<\/div>\n\n\n\n\n<div class=\"cff-likebox cff-bottom\" >\n\t\t<iframe title=\"Likebox Iframe\" src=\"\" class=\"fb_iframe_widget\" data-likebox-id=\"320262175342723\" data-likebox-width=\"300\" data-likebox-header=\"\" data-hide-cover=\"\" data-hide-cta=\"\" data-likebox-faces=\"\" data-height=\"130\" data-locale=\"en_US\" scrolling=\"no\" allowTransparency=\"true\" allow=\"encrypted-media\" ><\/iframe>\n<\/div>\n<\/div><input class=\"cff-pag-url\" type=\"hidden\" data-locatornonce=\"a4f7c2aa60\" data-cff-shortcode=\"{&quot;feed&quot;: &quot;1&quot;}\" data-post-id=\"384\" data-feed-id=\"320262175342723\"><\/div><\/div><div class=\"cff-clear\"><\/div><\/div><\/div>\n\n\n\n<div class=\"wp-block-column is-layout-flow wp-block-column-is-layout-flow\">\n<div id=\"sb_instagram\"  class=\"sbi sbi_mob_col_1 sbi_tab_col_2 sbi_col_4 sbi_width_resp\"\t data-feedid=\"*1\"  data-res=\"auto\" data-cols=\"4\" data-colsmobile=\"1\" data-colstablet=\"2\" data-num=\"4\" data-nummobile=\"2\" data-item-padding=\"\"\t data-shortcode-atts=\"{}\"  data-postid=\"384\" data-locatornonce=\"ac2f6d2afc\" data-imageaspectratio=\"1:1\" data-sbi-flags=\"favorLocal\">\n\t<div class=\"sb_instagram_header  sbi_medium sbi_no_avatar\"   >\n\t<a class=\"sbi_header_link\" target=\"_blank\"\n\t   rel=\"nofollow noopener\" href=\"https:\/\/www.instagram.com\/xtu.oficial\/\" title=\"@xtu.oficial\">\n\t\t<div class=\"sbi_header_text sbi_no_bio\">\n\t\t\t<div class=\"sbi_header_img\">\n\t\t\t\t\n\t\t\t\t\t\t\t\t\t<div class=\"sbi_header_hashtag_icon\"  ><svg class=\"sbi_new_logo fa-instagram fa-w-14\" aria-hidden=\"true\" data-fa-processed=\"\" aria-label=\"Instagram\" data-prefix=\"fab\" data-icon=\"instagram\" role=\"img\" viewBox=\"0 0 448 512\">\n                    <path fill=\"currentColor\" d=\"M224.1 141c-63.6 0-114.9 51.3-114.9 114.9s51.3 114.9 114.9 114.9S339 319.5 339 255.9 287.7 141 224.1 141zm0 189.6c-41.1 0-74.7-33.5-74.7-74.7s33.5-74.7 74.7-74.7 74.7 33.5 74.7 74.7-33.6 74.7-74.7 74.7zm146.4-194.3c0 14.9-12 26.8-26.8 26.8-14.9 0-26.8-12-26.8-26.8s12-26.8 26.8-26.8 26.8 12 26.8 26.8zm76.1 27.2c-1.7-35.9-9.9-67.7-36.2-93.9-26.2-26.2-58-34.4-93.9-36.2-37-2.1-147.9-2.1-184.9 0-35.8 1.7-67.6 9.9-93.9 36.1s-34.4 58-36.2 93.9c-2.1 37-2.1 147.9 0 184.9 1.7 35.9 9.9 67.7 36.2 93.9s58 34.4 93.9 36.2c37 2.1 147.9 2.1 184.9 0 35.9-1.7 67.7-9.9 93.9-36.2 26.2-26.2 34.4-58 36.2-93.9 2.1-37 2.1-147.8 0-184.8zM398.8 388c-7.8 19.6-22.9 34.7-42.6 42.6-29.5 11.7-99.5 9-132.1 9s-102.7 2.6-132.1-9c-19.6-7.8-34.7-22.9-42.6-42.6-11.7-29.5-9-99.5-9-132.1s-2.6-102.7 9-132.1c7.8-19.6 22.9-34.7 42.6-42.6 29.5-11.7 99.5-9 132.1-9s102.7-2.6 132.1 9c19.6 7.8 34.7 22.9 42.6 42.6 11.7 29.5 9 99.5 9 132.1s2.7 102.7-9 132.1z\"><\/path>\n                <\/svg><\/div>\n\t\t\t\t\t\t\t<\/div>\n\n\t\t\t<div class=\"sbi_feedtheme_header_text\">\n\t\t\t\t<h3>xtu.oficial<\/h3>\n\t\t\t\t\t\t\t<\/div>\n\t\t<\/div>\n\t<\/a>\n<\/div>\n\n\t<div id=\"sbi_images\" >\n\t\t<div class=\"sbi_item sbi_type_image sbi_new sbi_transition\"\n\tid=\"sbi_17976236021081263\" data-date=\"1684785470\">\n\t<div class=\"sbi_photo_wrap\">\n\t\t<a class=\"sbi_photo\" href=\"https:\/\/www.instagram.com\/p\/CsjtgBBqgYg\/\" target=\"_blank\" rel=\"noopener nofollow\"\n\t\t\tdata-full-res=\"https:\/\/scontent-prg1-1.cdninstagram.com\/v\/t39.30808-6\/347551252_906332263761341_6761992415613516069_n.jpg?_nc_cat=102&#038;ccb=1-7&#038;_nc_sid=8ae9d6&#038;_nc_ohc=83nHPHfBBOwAX9BF5Er&#038;_nc_ht=scontent-prg1-1.cdninstagram.com&#038;edm=ANo9K5cEAAAA&#038;oh=00_AfDTZX81enuDSaYtmmX9UsHxeLNXHNh4hXRM8Cy9VYinsA&#038;oe=64731433\"\n\t\t\tdata-img-src-set=\"{&quot;d&quot;:&quot;https:\\\/\\\/scontent-prg1-1.cdninstagram.com\\\/v\\\/t39.30808-6\\\/347551252_906332263761341_6761992415613516069_n.jpg?_nc_cat=102&amp;ccb=1-7&amp;_nc_sid=8ae9d6&amp;_nc_ohc=83nHPHfBBOwAX9BF5Er&amp;_nc_ht=scontent-prg1-1.cdninstagram.com&amp;edm=ANo9K5cEAAAA&amp;oh=00_AfDTZX81enuDSaYtmmX9UsHxeLNXHNh4hXRM8Cy9VYinsA&amp;oe=64731433&quot;,&quot;150&quot;:&quot;https:\\\/\\\/scontent-prg1-1.cdninstagram.com\\\/v\\\/t39.30808-6\\\/347551252_906332263761341_6761992415613516069_n.jpg?_nc_cat=102&amp;ccb=1-7&amp;_nc_sid=8ae9d6&amp;_nc_ohc=83nHPHfBBOwAX9BF5Er&amp;_nc_ht=scontent-prg1-1.cdninstagram.com&amp;edm=ANo9K5cEAAAA&amp;oh=00_AfDTZX81enuDSaYtmmX9UsHxeLNXHNh4hXRM8Cy9VYinsA&amp;oe=64731433&quot;,&quot;320&quot;:&quot;https:\\\/\\\/scontent-prg1-1.cdninstagram.com\\\/v\\\/t39.30808-6\\\/347551252_906332263761341_6761992415613516069_n.jpg?_nc_cat=102&amp;ccb=1-7&amp;_nc_sid=8ae9d6&amp;_nc_ohc=83nHPHfBBOwAX9BF5Er&amp;_nc_ht=scontent-prg1-1.cdninstagram.com&amp;edm=ANo9K5cEAAAA&amp;oh=00_AfDTZX81enuDSaYtmmX9UsHxeLNXHNh4hXRM8Cy9VYinsA&amp;oe=64731433&quot;,&quot;640&quot;:&quot;https:\\\/\\\/scontent-prg1-1.cdninstagram.com\\\/v\\\/t39.30808-6\\\/347551252_906332263761341_6761992415613516069_n.jpg?_nc_cat=102&amp;ccb=1-7&amp;_nc_sid=8ae9d6&amp;_nc_ohc=83nHPHfBBOwAX9BF5Er&amp;_nc_ht=scontent-prg1-1.cdninstagram.com&amp;edm=ANo9K5cEAAAA&amp;oh=00_AfDTZX81enuDSaYtmmX9UsHxeLNXHNh4hXRM8Cy9VYinsA&amp;oe=64731433&quot;}\">\n\t\t\t<span class=\"sbi-screenreader\">\ud83d\udc49Descobreix, d\u2019una manera clara, les l\u00ednies mestre<\/span>\n\t\t\t\t\t\t\t\t\t<img decoding=\"async\" src=\"https:\/\/www.pertu.org\/wp-content\/plugins\/instagram-feed\/img\/placeholder.png\" alt=\"\ud83d\udc49Descobreix, d\u2019una manera clara, les l\u00ednies mestres que tenim previstes pels pr\u00f2xims 4 anys.\n\n\ud83d\udcfaConeix totes les propostes a partir de les 22 hores a V\u00eddeo Asc\u00f3 Televisi\u00f3 i a les 22:30 al nostre canal de youtube.\n\nhttps:\/\/www.youtube.com\/watch?v=5gAVlw23oGg\" aria-hidden=\"true\">\n\t\t<\/a>\n\t<\/div>\n<\/div><div class=\"sbi_item sbi_type_video sbi_new sbi_transition\"\n\tid=\"sbi_17956392575547866\" data-date=\"1684424162\">\n\t<div class=\"sbi_photo_wrap\">\n\t\t<a class=\"sbi_photo\" href=\"https:\/\/www.instagram.com\/reel\/CsY8WTrKgJc\/\" target=\"_blank\" rel=\"noopener nofollow\"\n\t\t\tdata-full-res=\"https:\/\/scontent-prg1-1.cdninstagram.com\/v\/t51.36329-15\/347441627_627989935872053_8345703019698564436_n.jpg?_nc_cat=102&#038;ccb=1-7&#038;_nc_sid=8ae9d6&#038;_nc_ohc=SbRrgqvXXhQAX9eYJbZ&#038;_nc_ht=scontent-prg1-1.cdninstagram.com&#038;edm=ANo9K5cEAAAA&#038;oh=00_AfBzJ0mac96NmrnOHmhDrJxQ5yuq7iWn7ZS5CI0R_hq4Lw&#038;oe=6472BBC9\"\n\t\t\tdata-img-src-set=\"{&quot;d&quot;:&quot;https:\\\/\\\/scontent-prg1-1.cdninstagram.com\\\/v\\\/t51.36329-15\\\/347441627_627989935872053_8345703019698564436_n.jpg?_nc_cat=102&amp;ccb=1-7&amp;_nc_sid=8ae9d6&amp;_nc_ohc=SbRrgqvXXhQAX9eYJbZ&amp;_nc_ht=scontent-prg1-1.cdninstagram.com&amp;edm=ANo9K5cEAAAA&amp;oh=00_AfBzJ0mac96NmrnOHmhDrJxQ5yuq7iWn7ZS5CI0R_hq4Lw&amp;oe=6472BBC9&quot;,&quot;150&quot;:&quot;https:\\\/\\\/scontent-prg1-1.cdninstagram.com\\\/v\\\/t51.36329-15\\\/347441627_627989935872053_8345703019698564436_n.jpg?_nc_cat=102&amp;ccb=1-7&amp;_nc_sid=8ae9d6&amp;_nc_ohc=SbRrgqvXXhQAX9eYJbZ&amp;_nc_ht=scontent-prg1-1.cdninstagram.com&amp;edm=ANo9K5cEAAAA&amp;oh=00_AfBzJ0mac96NmrnOHmhDrJxQ5yuq7iWn7ZS5CI0R_hq4Lw&amp;oe=6472BBC9&quot;,&quot;320&quot;:&quot;https:\\\/\\\/scontent-prg1-1.cdninstagram.com\\\/v\\\/t51.36329-15\\\/347441627_627989935872053_8345703019698564436_n.jpg?_nc_cat=102&amp;ccb=1-7&amp;_nc_sid=8ae9d6&amp;_nc_ohc=SbRrgqvXXhQAX9eYJbZ&amp;_nc_ht=scontent-prg1-1.cdninstagram.com&amp;edm=ANo9K5cEAAAA&amp;oh=00_AfBzJ0mac96NmrnOHmhDrJxQ5yuq7iWn7ZS5CI0R_hq4Lw&amp;oe=6472BBC9&quot;,&quot;640&quot;:&quot;https:\\\/\\\/scontent-prg1-1.cdninstagram.com\\\/v\\\/t51.36329-15\\\/347441627_627989935872053_8345703019698564436_n.jpg?_nc_cat=102&amp;ccb=1-7&amp;_nc_sid=8ae9d6&amp;_nc_ohc=SbRrgqvXXhQAX9eYJbZ&amp;_nc_ht=scontent-prg1-1.cdninstagram.com&amp;edm=ANo9K5cEAAAA&amp;oh=00_AfBzJ0mac96NmrnOHmhDrJxQ5yuq7iWn7ZS5CI0R_hq4Lw&amp;oe=6472BBC9&quot;}\">\n\t\t\t<span class=\"sbi-screenreader\">\u25b6\ufe0fNo et perdis l&#039;entrevista amb el nostre candidat<\/span>\n\t\t\t\t\t\t<svg style=\"color: rgba(255,255,255,1)\" class=\"svg-inline--fa fa-play fa-w-14 sbi_playbtn\" aria-label=\"Play\" aria-hidden=\"true\" data-fa-processed=\"\" data-prefix=\"fa\" data-icon=\"play\" role=\"presentation\" xmlns=\"http:\/\/www.w3.org\/2000\/svg\" viewBox=\"0 0 448 512\"><path fill=\"currentColor\" d=\"M424.4 214.7L72.4 6.6C43.8-10.3 0 6.1 0 47.9V464c0 37.5 40.7 60.1 72.4 41.3l352-208c31.4-18.5 31.5-64.1 0-82.6z\"><\/path><\/svg>\t\t\t<img decoding=\"async\" src=\"https:\/\/www.pertu.org\/wp-content\/plugins\/instagram-feed\/img\/placeholder.png\" alt=\"\u25b6\ufe0fNo et perdis l&#039;entrevista amb el nostre candidat Miquel \u00c0ngel Ribes Jornet \n\n\ud83d\udcfa V\u00eddeo Asc\u00f3 Televisi\u00f3 \n\n\ud83d\uddd3\ufe0f 22 hores!\" aria-hidden=\"true\">\n\t\t<\/a>\n\t<\/div>\n<\/div><div class=\"sbi_item sbi_type_video sbi_new sbi_transition\"\n\tid=\"sbi_18186640228267984\" data-date=\"1684346488\">\n\t<div class=\"sbi_photo_wrap\">\n\t\t<a class=\"sbi_photo\" href=\"https:\/\/www.instagram.com\/reel\/CsWoKciIqj1\/\" target=\"_blank\" rel=\"noopener nofollow\"\n\t\t\tdata-full-res=\"https:\/\/scontent-prg1-1.cdninstagram.com\/v\/t51.36329-15\/347279804_966284658150809_5207426095136725004_n.jpg?_nc_cat=109&#038;ccb=1-7&#038;_nc_sid=8ae9d6&#038;_nc_ohc=k8z39pE92ZQAX-VKWO_&#038;_nc_ht=scontent-prg1-1.cdninstagram.com&#038;edm=ANo9K5cEAAAA&#038;oh=00_AfBDzdLw8t8rsBBxsDW7NDhUmZwqmJrloev6viUYye0O4w&#038;oe=64741F71\"\n\t\t\tdata-img-src-set=\"{&quot;d&quot;:&quot;https:\\\/\\\/scontent-prg1-1.cdninstagram.com\\\/v\\\/t51.36329-15\\\/347279804_966284658150809_5207426095136725004_n.jpg?_nc_cat=109&amp;ccb=1-7&amp;_nc_sid=8ae9d6&amp;_nc_ohc=k8z39pE92ZQAX-VKWO_&amp;_nc_ht=scontent-prg1-1.cdninstagram.com&amp;edm=ANo9K5cEAAAA&amp;oh=00_AfBDzdLw8t8rsBBxsDW7NDhUmZwqmJrloev6viUYye0O4w&amp;oe=64741F71&quot;,&quot;150&quot;:&quot;https:\\\/\\\/scontent-prg1-1.cdninstagram.com\\\/v\\\/t51.36329-15\\\/347279804_966284658150809_5207426095136725004_n.jpg?_nc_cat=109&amp;ccb=1-7&amp;_nc_sid=8ae9d6&amp;_nc_ohc=k8z39pE92ZQAX-VKWO_&amp;_nc_ht=scontent-prg1-1.cdninstagram.com&amp;edm=ANo9K5cEAAAA&amp;oh=00_AfBDzdLw8t8rsBBxsDW7NDhUmZwqmJrloev6viUYye0O4w&amp;oe=64741F71&quot;,&quot;320&quot;:&quot;https:\\\/\\\/scontent-prg1-1.cdninstagram.com\\\/v\\\/t51.36329-15\\\/347279804_966284658150809_5207426095136725004_n.jpg?_nc_cat=109&amp;ccb=1-7&amp;_nc_sid=8ae9d6&amp;_nc_ohc=k8z39pE92ZQAX-VKWO_&amp;_nc_ht=scontent-prg1-1.cdninstagram.com&amp;edm=ANo9K5cEAAAA&amp;oh=00_AfBDzdLw8t8rsBBxsDW7NDhUmZwqmJrloev6viUYye0O4w&amp;oe=64741F71&quot;,&quot;640&quot;:&quot;https:\\\/\\\/scontent-prg1-1.cdninstagram.com\\\/v\\\/t51.36329-15\\\/347279804_966284658150809_5207426095136725004_n.jpg?_nc_cat=109&amp;ccb=1-7&amp;_nc_sid=8ae9d6&amp;_nc_ohc=k8z39pE92ZQAX-VKWO_&amp;_nc_ht=scontent-prg1-1.cdninstagram.com&amp;edm=ANo9K5cEAAAA&amp;oh=00_AfBDzdLw8t8rsBBxsDW7NDhUmZwqmJrloev6viUYye0O4w&amp;oe=64741F71&quot;}\">\n\t\t\t<span class=\"sbi-screenreader\">\u25b6\ufe0f#EquipPerTuAsc\u00f3 \ud83d\udc6a\n\n\ud83d\udc49Coneixem el Miquel \u00c0ngel Rib<\/span>\n\t\t\t\t\t\t<svg style=\"color: rgba(255,255,255,1)\" class=\"svg-inline--fa fa-play fa-w-14 sbi_playbtn\" aria-label=\"Play\" aria-hidden=\"true\" data-fa-processed=\"\" data-prefix=\"fa\" data-icon=\"play\" role=\"presentation\" xmlns=\"http:\/\/www.w3.org\/2000\/svg\" viewBox=\"0 0 448 512\"><path fill=\"currentColor\" d=\"M424.4 214.7L72.4 6.6C43.8-10.3 0 6.1 0 47.9V464c0 37.5 40.7 60.1 72.4 41.3l352-208c31.4-18.5 31.5-64.1 0-82.6z\"><\/path><\/svg>\t\t\t<img decoding=\"async\" src=\"https:\/\/www.pertu.org\/wp-content\/plugins\/instagram-feed\/img\/placeholder.png\" alt=\"\u25b6\ufe0f#EquipPerTuAsc\u00f3 \ud83d\udc6a\n\n\ud83d\udc49Coneixem el Miquel \u00c0ngel Ribes, alcalde d&#039;Asc\u00f3, graduat en aviaci\u00f3 comercial i enginyer T\u00e8cnic Industrial\n\n\ud83d\udcaa Revalida la vostra confian\u00e7a i continua perqu\u00e8 tot i la feina feta fins avui, el comprom\u00eds de canvi pel poble encara no ha finalitzat.\n\n#TreballemPerTu #continuempertu #Asc\u00f3 #Tarragona\" aria-hidden=\"true\">\n\t\t<\/a>\n\t<\/div>\n<\/div><div class=\"sbi_item sbi_type_video sbi_new sbi_transition\"\n\tid=\"sbi_17921749532710350\" data-date=\"1684260627\">\n\t<div class=\"sbi_photo_wrap\">\n\t\t<a class=\"sbi_photo\" href=\"https:\/\/www.instagram.com\/reel\/CsUEa9_IZzJ\/\" target=\"_blank\" rel=\"noopener nofollow\"\n\t\t\tdata-full-res=\"https:\/\/scontent-prg1-1.cdninstagram.com\/v\/t51.36329-15\/346984811_909835020128117_2734329387417136394_n.jpg?_nc_cat=104&#038;ccb=1-7&#038;_nc_sid=8ae9d6&#038;_nc_ohc=FbZA4Xv2bIwAX9XP0sd&#038;_nc_ht=scontent-prg1-1.cdninstagram.com&#038;edm=ANo9K5cEAAAA&#038;oh=00_AfCh3IMTCfHAFHZwF-KWB7rqTk8wGJsUkHUZAOUPNMxuYA&#038;oe=64737585\"\n\t\t\tdata-img-src-set=\"{&quot;d&quot;:&quot;https:\\\/\\\/scontent-prg1-1.cdninstagram.com\\\/v\\\/t51.36329-15\\\/346984811_909835020128117_2734329387417136394_n.jpg?_nc_cat=104&amp;ccb=1-7&amp;_nc_sid=8ae9d6&amp;_nc_ohc=FbZA4Xv2bIwAX9XP0sd&amp;_nc_ht=scontent-prg1-1.cdninstagram.com&amp;edm=ANo9K5cEAAAA&amp;oh=00_AfCh3IMTCfHAFHZwF-KWB7rqTk8wGJsUkHUZAOUPNMxuYA&amp;oe=64737585&quot;,&quot;150&quot;:&quot;https:\\\/\\\/scontent-prg1-1.cdninstagram.com\\\/v\\\/t51.36329-15\\\/346984811_909835020128117_2734329387417136394_n.jpg?_nc_cat=104&amp;ccb=1-7&amp;_nc_sid=8ae9d6&amp;_nc_ohc=FbZA4Xv2bIwAX9XP0sd&amp;_nc_ht=scontent-prg1-1.cdninstagram.com&amp;edm=ANo9K5cEAAAA&amp;oh=00_AfCh3IMTCfHAFHZwF-KWB7rqTk8wGJsUkHUZAOUPNMxuYA&amp;oe=64737585&quot;,&quot;320&quot;:&quot;https:\\\/\\\/scontent-prg1-1.cdninstagram.com\\\/v\\\/t51.36329-15\\\/346984811_909835020128117_2734329387417136394_n.jpg?_nc_cat=104&amp;ccb=1-7&amp;_nc_sid=8ae9d6&amp;_nc_ohc=FbZA4Xv2bIwAX9XP0sd&amp;_nc_ht=scontent-prg1-1.cdninstagram.com&amp;edm=ANo9K5cEAAAA&amp;oh=00_AfCh3IMTCfHAFHZwF-KWB7rqTk8wGJsUkHUZAOUPNMxuYA&amp;oe=64737585&quot;,&quot;640&quot;:&quot;https:\\\/\\\/scontent-prg1-1.cdninstagram.com\\\/v\\\/t51.36329-15\\\/346984811_909835020128117_2734329387417136394_n.jpg?_nc_cat=104&amp;ccb=1-7&amp;_nc_sid=8ae9d6&amp;_nc_ohc=FbZA4Xv2bIwAX9XP0sd&amp;_nc_ht=scontent-prg1-1.cdninstagram.com&amp;edm=ANo9K5cEAAAA&amp;oh=00_AfCh3IMTCfHAFHZwF-KWB7rqTk8wGJsUkHUZAOUPNMxuYA&amp;oe=64737585&quot;}\">\n\t\t\t<span class=\"sbi-screenreader\">\u25b6\ufe0f#EquipPerTuAsc\u00f3 \ud83d\udc6a\n\ud83d\udc49Coneixem la Carolina Baiges, <\/span>\n\t\t\t\t\t\t<svg style=\"color: rgba(255,255,255,1)\" class=\"svg-inline--fa fa-play fa-w-14 sbi_playbtn\" aria-label=\"Play\" aria-hidden=\"true\" data-fa-processed=\"\" data-prefix=\"fa\" data-icon=\"play\" role=\"presentation\" xmlns=\"http:\/\/www.w3.org\/2000\/svg\" viewBox=\"0 0 448 512\"><path fill=\"currentColor\" d=\"M424.4 214.7L72.4 6.6C43.8-10.3 0 6.1 0 47.9V464c0 37.5 40.7 60.1 72.4 41.3l352-208c31.4-18.5 31.5-64.1 0-82.6z\"><\/path><\/svg>\t\t\t<img decoding=\"async\" src=\"https:\/\/www.pertu.org\/wp-content\/plugins\/instagram-feed\/img\/placeholder.png\" alt=\"\u25b6\ufe0f#EquipPerTuAsc\u00f3 \ud83d\udc6a\n\ud83d\udc49Coneixem la Carolina Baiges, filla d\u2019Asc\u00f3 i regidora a l\u2019Ajuntament d\u2019Asc\u00f3.\n\n\ud83d\udcaa Creu en un poble que respecti el medi natural, que es desenvolupi econ\u00f2micament amb perspectiva de g\u00e8nere\n\n#TreballemPerTu #continuempertu #Asc\u00f3 #tarragona\" aria-hidden=\"true\">\n\t\t<\/a>\n\t<\/div>\n<\/div>\t<\/div>\n\n\t<div id=\"sbi_load\" >\n\n\t\t\t<button class=\"sbi_load_btn\"\n\t\t\ttype=\"button\" >\n\t\t\t<span class=\"sbi_btn_text\" >Load More<\/span>\n\t\t\t<span class=\"sbi_loader sbi_hidden\" style=\"background-color: rgb(255, 255, 255);\" aria-hidden=\"true\"><\/span>\n\t\t<\/button>\n\t\n\t\t\t<span class=\"sbi_follow_btn sbi_custom\" >\n\t\t\t<a target=\"_blank\"\n\t\t\t\trel=\"nofollow noopener\"  href=\"https:\/\/www.instagram.com\/xtu.oficial\/\" style=\"background: rgb(64,139,209);\">\n\t\t\t\t<svg class=\"svg-inline--fa fa-instagram fa-w-14\" aria-hidden=\"true\" data-fa-processed=\"\" aria-label=\"Instagram\" data-prefix=\"fab\" data-icon=\"instagram\" role=\"img\" viewBox=\"0 0 448 512\">\n                    <path fill=\"currentColor\" d=\"M224.1 141c-63.6 0-114.9 51.3-114.9 114.9s51.3 114.9 114.9 114.9S339 319.5 339 255.9 287.7 141 224.1 141zm0 189.6c-41.1 0-74.7-33.5-74.7-74.7s33.5-74.7 74.7-74.7 74.7 33.5 74.7 74.7-33.6 74.7-74.7 74.7zm146.4-194.3c0 14.9-12 26.8-26.8 26.8-14.9 0-26.8-12-26.8-26.8s12-26.8 26.8-26.8 26.8 12 26.8 26.8zm76.1 27.2c-1.7-35.9-9.9-67.7-36.2-93.9-26.2-26.2-58-34.4-93.9-36.2-37-2.1-147.9-2.1-184.9 0-35.8 1.7-67.6 9.9-93.9 36.1s-34.4 58-36.2 93.9c-2.1 37-2.1 147.9 0 184.9 1.7 35.9 9.9 67.7 36.2 93.9s58 34.4 93.9 36.2c37 2.1 147.9 2.1 184.9 0 35.9-1.7 67.7-9.9 93.9-36.2 26.2-26.2 34.4-58 36.2-93.9 2.1-37 2.1-147.8 0-184.8zM398.8 388c-7.8 19.6-22.9 34.7-42.6 42.6-29.5 11.7-99.5 9-132.1 9s-102.7 2.6-132.1-9c-19.6-7.8-34.7-22.9-42.6-42.6-11.7-29.5-9-99.5-9-132.1s-2.6-102.7 9-132.1c7.8-19.6 22.9-34.7 42.6-42.6 29.5-11.7 99.5-9 132.1-9s102.7-2.6 132.1 9c19.6 7.8 34.7 22.9 42.6 42.6 11.7 29.5 9 99.5 9 132.1s2.7 102.7-9 132.1z\"><\/path>\n                <\/svg>\t\t\t\t<span>Follow on Instagram<\/span>\n\t\t\t<\/a>\n\t\t<\/span>\n\t\n<\/div>\n\t\t<span class=\"sbi_resized_image_data\" data-feed-id=\"*1\"\n\t\t  data-resized=\"{&quot;17921749532710350&quot;:{&quot;id&quot;:&quot;346984811_909835020128117_2734329387417136394_n&quot;,&quot;ratio&quot;:&quot;0.56&quot;,&quot;sizes&quot;:{&quot;full&quot;:640,&quot;low&quot;:320,&quot;thumb&quot;:150}},&quot;18186640228267984&quot;:{&quot;id&quot;:&quot;347279804_966284658150809_5207426095136725004_n&quot;,&quot;ratio&quot;:&quot;0.56&quot;,&quot;sizes&quot;:{&quot;full&quot;:640,&quot;low&quot;:320,&quot;thumb&quot;:150}},&quot;17956392575547866&quot;:{&quot;id&quot;:&quot;347441627_627989935872053_8345703019698564436_n&quot;,&quot;ratio&quot;:&quot;0.57&quot;,&quot;sizes&quot;:{&quot;full&quot;:640,&quot;low&quot;:320,&quot;thumb&quot;:150}},&quot;17976236021081263&quot;:{&quot;id&quot;:&quot;347551252_906332263761341_6761992415613516069_n&quot;,&quot;ratio&quot;:&quot;1.78&quot;,&quot;sizes&quot;:{&quot;full&quot;:640,&quot;low&quot;:320,&quot;thumb&quot;:150}}}\">\n\t<\/span>\n\t<\/div>\n\n<\/div>\n<\/div>\n\n\n<div class=\"sby-block-license-expired-notice-ctn sby-bln-license-state-inactive\"><div class=\"sby-blen-header\"><svg width=\"16\" height=\"16\" viewBox=\"0 0 16 16\" fill=\"none\" xmlns=\"http:\/\/www.w3.org\/2000\/svg\"><path d=\"M7.99984 6C7.4694 6 6.9607 6.21071 6.58562 6.58579C6.21055 6.96086 5.99984 7.46957 5.99984 8C5.99984 8.53043 6.21055 9.03914 6.58562 9.41421C6.9607 9.78929 7.4694 10 7.99984 10C8.53027 10 9.03898 9.78929 9.41405 9.41421C9.78912 9.03914 9.99984 8.53043 9.99984 8C9.99984 7.46957 9.78912 6.96086 9.41405 6.58579C9.03898 6.21071 8.53027 6 7.99984 6ZM7.99984 11.3333C7.11578 11.3333 6.26794 10.9821 5.64281 10.357C5.01769 9.7319 4.6665 8.88406 4.6665 8C4.6665 7.11595 5.01769 6.2681 5.64281 5.64298C6.26794 5.01786 7.11578 4.66667 7.99984 4.66667C8.88389 4.66667 9.73174 5.01786 10.3569 5.64298C10.982 6.2681 11.3332 7.11595 11.3332 8C11.3332 8.88406 10.982 9.7319 10.3569 10.357C9.73174 10.9821 8.88389 11.3333 7.99984 11.3333ZM7.99984 3C4.6665 3 1.81984 5.07333 0.666504 8C1.81984 10.9267 4.6665 13 7.99984 13C11.3332 13 14.1798 10.9267 15.3332 8C14.1798 5.07333 11.3332 3 7.99984 3Z\" fill=\"#141B38\"\/><\/svg><span>Only Visible to WordPress Admins<\/span><\/div><div class=\"sby-blen-resolve\"><div class=\"sby-left\"><svg width=\"14\" height=\"14\" viewBox=\"0 0 14 14\" fill=\"none\" xmlns=\"http:\/\/www.w3.org\/2000\/svg\"><path d=\"M6.3335 5H7.66683V3.66667H6.3335V5ZM7.00016 12.3333C4.06016 12.3333 1.66683 9.94 1.66683 7C1.66683 4.06 4.06016 1.66667 7.00016 1.66667C9.94016 1.66667 12.3335 4.06 12.3335 7C12.3335 9.94 9.94016 12.3333 7.00016 12.3333ZM7.00016 0.333332C6.12468 0.333332 5.25778 0.505771 4.44894 0.840802C3.6401 1.17583 2.90517 1.6669 2.28612 2.28595C1.03588 3.5362 0.333496 5.23189 0.333496 7C0.333496 8.76811 1.03588 10.4638 2.28612 11.714C2.90517 12.3331 3.6401 12.8242 4.44894 13.1592C5.25778 13.4942 6.12468 13.6667 7.00016 13.6667C8.76827 13.6667 10.464 12.9643 11.7142 11.714C12.9645 10.4638 13.6668 8.76811 13.6668 7C13.6668 6.12452 13.4944 5.25761 13.1594 4.44878C12.8243 3.63994 12.3333 2.90501 11.7142 2.28595C11.0952 1.6669 10.3602 1.17583 9.55139 0.840802C8.74255 0.505771 7.87564 0.333332 7.00016 0.333332ZM6.3335 10.3333H7.66683V6.33333H6.3335V10.3333Z\" fill=\"#141B38\"\/><\/svg><span>Your license key is inactive. Activate it to enable Pro features.<\/span><\/div><div class=\"sby-right\"><a href=\"https:\/\/smashballoon.com\/checkout\/?edd_license_key=&#038;download_id=762236&#038;utm_campaign=youtube-pro&#038;utm_source=expired-notice&#038;utm_medium=renew-license\" target=\"_blank\">Resolve Now<\/a><svg width=\"7\" height=\"10\" viewBox=\"0 0 7 10\" fill=\"none\" xmlns=\"http:\/\/www.w3.org\/2000\/svg\"><path d=\"M1.3332 0L0.158203 1.175L3.97487 5L0.158203 8.825L1.3332 10L6.3332 5L1.3332 0Z\" fill=\"#0068A0\"\/><\/svg><\/div><\/div><\/div>\n\n<div id=\"sb_youtube_sbyUCur0VYdPhBK2ZY6jRX4FKUw9\" \n\t class=\"sb_youtube sby_layout_grid sby_col_3 sby_mob_col_1 sby_palette_inherit  sby_width_resp\" \n\tdata-feedid=\"sby_UCur0VYdPhBK2ZY6jRX4FKUw#9\" \n\tdata-shortcode-atts=\"{&quot;feed&quot;:&quot;1&quot;}\" \n\tdata-cols=\"3\" \n\tdata-colsmobile=\"1\" \n\tdata-num=\"9\" \n\tdata-nummobile=\"9\" \n\tdata-channel-subscribers=\"4 subscribers\"\tdata-subscribe-btn=\"1\" \n\tdata-subscribe-btn-text=\"Subscribe\" \n\tdata_channel_header_colors =\"{&quot;channelName&quot;:&quot;&quot;,&quot;subscribeCount&quot;:&quot;&quot;,&quot;buttonBackground&quot;:&quot;&quot;,&quot;buttonText&quot;:&quot;&quot;}\"\n\t data-sby-flags=\"resizeDisable\" data-postid=\"384\" data-sby-supports-lightbox=\"1\" \n\t data-videocardlayout=\"vertical\" \n>\n\t        <div class=\"sby_items_wrap\" style=\"padding: 5px;\">\n\t\t<div class=\"sby_item  sby_new sby_transition\" id=\"sby_UCur0VYdPhBK2ZY6jRX4FKUw_5gAVlw23oGg\" data-date=\"1684787411\" data-video-id=\"5gAVlw23oGg\">\n    <div class=\"sby_inner_item\">\n        <div class=\"sby_video_thumbnail_wrap sby_item_video_thumbnail_wrap\">\n            <a class=\"sby_video_thumbnail sby_item_video_thumbnail\" href=\"https:\/\/www.youtube.com\/watch?v=5gAVlw23oGg\" target=\"_blank\" rel=\"noopener\" data-full-res=\"https:\/\/i2.ytimg.com\/vi\/5gAVlw23oGg\/maxresdefault.jpg\" data-img-src-set=\"{&quot;120&quot;:&quot;https:\\\/\\\/i2.ytimg.com\\\/vi\\\/5gAVlw23oGg\\\/default.jpg&quot;,&quot;320&quot;:&quot;https:\\\/\\\/i2.ytimg.com\\\/vi\\\/5gAVlw23oGg\\\/mqdefault.jpg&quot;,&quot;480&quot;:&quot;https:\\\/\\\/i2.ytimg.com\\\/vi\\\/5gAVlw23oGg\\\/hqdefault.jpg&quot;,&quot;640&quot;:&quot;https:\\\/\\\/i2.ytimg.com\\\/vi\\\/5gAVlw23oGg\\\/sddefault.jpg&quot;}\" data-video-id=\"5gAVlw23oGg\" data-video-title=\"MITING - PER TU 2023 #continuempertu\">\n                <img decoding=\"async\" src=\"https:\/\/www.pertu.org\/wp-content\/plugins\/feeds-for-youtube\/img\/placeholder.png\" alt=\"Miting Per Tu, eleccions municipals 2023 Asc\u00f3\n#continuempertu\n\nM\u00fasica:\nFiftySounds\n\nV\u00eddeo:\nPexel\nPixabay\">\n\n                <div class=\"sby_thumbnail_hover sby_item_video_thumbnail_hover\">\n                    <div class=\"sby_thumbnail_hover_inner\">\n                                                    <span class=\"sby_video_title\" >MITING &#8211; PER TU 2023 #continuempertu<\/span>\n                                            <\/div>\n                <\/div>\n\n                                    <div class=\"sby_play_btn\" >\n                        <span class=\"sby_play_btn_bg\"><\/span>\n                        <svg aria-hidden=\"true\" focusable=\"false\" data-prefix=\"fab\" data-icon=\"youtube\" role=\"img\" xmlns=\"http:\/\/www.w3.org\/2000\/svg\" viewBox=\"0 0 576 512\" class=\"svg-inline--fa fa-youtube fa-w-18\"><path fill=\"currentColor\" d=\"M549.655 124.083c-6.281-23.65-24.787-42.276-48.284-48.597C458.781 64 288 64 288 64S117.22 64 74.629 75.486c-23.497 6.322-42.003 24.947-48.284 48.597-11.412 42.867-11.412 132.305-11.412 132.305s0 89.438 11.412 132.305c6.281 23.65 24.787 41.5 48.284 47.821C117.22 448 288 448 288 448s170.78 0 213.371-11.486c23.497-6.321 42.003-24.171 48.284-47.821 11.412-42.867 11.412-132.305 11.412-132.305s0-89.438-11.412-132.305zm-317.51 213.508V175.185l142.739 81.205-142.739 81.201z\" class=\"\"><\/path><\/svg>                    <\/div>\n                                <span class=\"sby_loader sby_hidden\" style=\"background-color: rgb(255, 255, 255);\"><\/span>\n            <\/a>\n\n                    <\/div>\n    <\/div>\n<\/div><div class=\"sby_item  sby_new sby_transition\" id=\"sby_UCur0VYdPhBK2ZY6jRX4FKUw_TOXMtJIJ0rQ\" data-date=\"1684346411\" data-video-id=\"TOXMtJIJ0rQ\">\n    <div class=\"sby_inner_item\">\n        <div class=\"sby_video_thumbnail_wrap sby_item_video_thumbnail_wrap\">\n            <a class=\"sby_video_thumbnail sby_item_video_thumbnail\" href=\"https:\/\/www.youtube.com\/watch?v=TOXMtJIJ0rQ\" target=\"_blank\" rel=\"noopener\" data-full-res=\"https:\/\/i1.ytimg.com\/vi\/TOXMtJIJ0rQ\/maxresdefault.jpg\" data-img-src-set=\"{&quot;120&quot;:&quot;https:\\\/\\\/i1.ytimg.com\\\/vi\\\/TOXMtJIJ0rQ\\\/default.jpg&quot;,&quot;320&quot;:&quot;https:\\\/\\\/i1.ytimg.com\\\/vi\\\/TOXMtJIJ0rQ\\\/mqdefault.jpg&quot;,&quot;480&quot;:&quot;https:\\\/\\\/i1.ytimg.com\\\/vi\\\/TOXMtJIJ0rQ\\\/hqdefault.jpg&quot;,&quot;640&quot;:&quot;https:\\\/\\\/i1.ytimg.com\\\/vi\\\/TOXMtJIJ0rQ\\\/sddefault.jpg&quot;}\" data-video-id=\"TOXMtJIJ0rQ\" data-video-title=\"#EquipPerTuAsc\u00f3 Coneix Miquel \u00c0ngel Ribes\">\n                <img decoding=\"async\" src=\"https:\/\/www.pertu.org\/wp-content\/plugins\/feeds-for-youtube\/img\/placeholder.png\" alt=\"\u25b6\ufe0f#EquipPerTuAsc\u00f3 \ud83d\udc6a\n\ud83d\udc49Coneixem el Miquel \u00c0ngel Ribes, alcalde d&#039;Asc\u00f3, graduat en aviaci\u00f3 comercial i enginyer T\u00e8cnic Industrial\n\n\ud83d\udcaa Revalida la vostra confian\u00e7a i continua perqu\u00e8 tot i la feina feta fins avui, el comprom\u00eds de canvi pel poble encara no ha finalitzat.\n\n#TreballemPerTu #continuempertu #Asc\u00f3 #Tarragona\">\n\n                <div class=\"sby_thumbnail_hover sby_item_video_thumbnail_hover\">\n                    <div class=\"sby_thumbnail_hover_inner\">\n                                                    <span class=\"sby_video_title\" >#EquipPerTuAsc\u00f3 Coneix Miquel \u00c0ngel Ribes<\/span>\n                                            <\/div>\n                <\/div>\n\n                                    <div class=\"sby_play_btn\" >\n                        <span class=\"sby_play_btn_bg\"><\/span>\n                        <svg aria-hidden=\"true\" focusable=\"false\" data-prefix=\"fab\" data-icon=\"youtube\" role=\"img\" xmlns=\"http:\/\/www.w3.org\/2000\/svg\" viewBox=\"0 0 576 512\" class=\"svg-inline--fa fa-youtube fa-w-18\"><path fill=\"currentColor\" d=\"M549.655 124.083c-6.281-23.65-24.787-42.276-48.284-48.597C458.781 64 288 64 288 64S117.22 64 74.629 75.486c-23.497 6.322-42.003 24.947-48.284 48.597-11.412 42.867-11.412 132.305-11.412 132.305s0 89.438 11.412 132.305c6.281 23.65 24.787 41.5 48.284 47.821C117.22 448 288 448 288 448s170.78 0 213.371-11.486c23.497-6.321 42.003-24.171 48.284-47.821 11.412-42.867 11.412-132.305 11.412-132.305s0-89.438-11.412-132.305zm-317.51 213.508V175.185l142.739 81.205-142.739 81.201z\" class=\"\"><\/path><\/svg>                    <\/div>\n                                <span class=\"sby_loader sby_hidden\" style=\"background-color: rgb(255, 255, 255);\"><\/span>\n            <\/a>\n\n                    <\/div>\n    <\/div>\n<\/div><div class=\"sby_item  sby_new sby_transition\" id=\"sby_UCur0VYdPhBK2ZY6jRX4FKUw_0VTnPilt4Nc\" data-date=\"1684260559\" data-video-id=\"0VTnPilt4Nc\">\n    <div class=\"sby_inner_item\">\n        <div class=\"sby_video_thumbnail_wrap sby_item_video_thumbnail_wrap\">\n            <a class=\"sby_video_thumbnail sby_item_video_thumbnail\" href=\"https:\/\/www.youtube.com\/watch?v=0VTnPilt4Nc\" target=\"_blank\" rel=\"noopener\" data-full-res=\"https:\/\/i1.ytimg.com\/vi\/0VTnPilt4Nc\/maxresdefault.jpg\" data-img-src-set=\"{&quot;120&quot;:&quot;https:\\\/\\\/i1.ytimg.com\\\/vi\\\/0VTnPilt4Nc\\\/default.jpg&quot;,&quot;320&quot;:&quot;https:\\\/\\\/i1.ytimg.com\\\/vi\\\/0VTnPilt4Nc\\\/mqdefault.jpg&quot;,&quot;480&quot;:&quot;https:\\\/\\\/i1.ytimg.com\\\/vi\\\/0VTnPilt4Nc\\\/hqdefault.jpg&quot;,&quot;640&quot;:&quot;https:\\\/\\\/i1.ytimg.com\\\/vi\\\/0VTnPilt4Nc\\\/sddefault.jpg&quot;}\" data-video-id=\"0VTnPilt4Nc\" data-video-title=\"#EquipPerTuAsc\u00f3 Coneix la Carol Baiges\">\n                <img decoding=\"async\" src=\"https:\/\/www.pertu.org\/wp-content\/plugins\/feeds-for-youtube\/img\/placeholder.png\" alt=\"\u25b6\ufe0f#EquipPerTuAsc\u00f3 \ud83d\udc6a\n\ud83d\udc49Coneixem la Carolina Baiges, filla d\u2019Asc\u00f3 i regidora a l\u2019Ajuntament d\u2019Asc\u00f3.\n\n\ud83d\udcaa Creu en un poble que respecti el medi natural, que es desenvolupi econ\u00f2micament amb perspectiva de g\u00e8nere\n\n#TreballemPerTu #continuempertu #Asc\u00f3 #tarragona \n\nM\u00fasica:\nFiftysounds\">\n\n                <div class=\"sby_thumbnail_hover sby_item_video_thumbnail_hover\">\n                    <div class=\"sby_thumbnail_hover_inner\">\n                                                    <span class=\"sby_video_title\" >#EquipPerTuAsc\u00f3 Coneix la Carol Baiges<\/span>\n                                            <\/div>\n                <\/div>\n\n                                    <div class=\"sby_play_btn\" >\n                        <span class=\"sby_play_btn_bg\"><\/span>\n                        <svg aria-hidden=\"true\" focusable=\"false\" data-prefix=\"fab\" data-icon=\"youtube\" role=\"img\" xmlns=\"http:\/\/www.w3.org\/2000\/svg\" viewBox=\"0 0 576 512\" class=\"svg-inline--fa fa-youtube fa-w-18\"><path fill=\"currentColor\" d=\"M549.655 124.083c-6.281-23.65-24.787-42.276-48.284-48.597C458.781 64 288 64 288 64S117.22 64 74.629 75.486c-23.497 6.322-42.003 24.947-48.284 48.597-11.412 42.867-11.412 132.305-11.412 132.305s0 89.438 11.412 132.305c6.281 23.65 24.787 41.5 48.284 47.821C117.22 448 288 448 288 448s170.78 0 213.371-11.486c23.497-6.321 42.003-24.171 48.284-47.821 11.412-42.867 11.412-132.305 11.412-132.305s0-89.438-11.412-132.305zm-317.51 213.508V175.185l142.739 81.205-142.739 81.201z\" class=\"\"><\/path><\/svg>                    <\/div>\n                                <span class=\"sby_loader sby_hidden\" style=\"background-color: rgb(255, 255, 255);\"><\/span>\n            <\/a>\n\n                    <\/div>\n    <\/div>\n<\/div><div class=\"sby_item  sby_new sby_transition\" id=\"sby_UCur0VYdPhBK2ZY6jRX4FKUw_d45w42rUSAk\" data-date=\"1684175442\" data-video-id=\"d45w42rUSAk\">\n    <div class=\"sby_inner_item\">\n        <div class=\"sby_video_thumbnail_wrap sby_item_video_thumbnail_wrap\">\n            <a class=\"sby_video_thumbnail sby_item_video_thumbnail\" href=\"https:\/\/www.youtube.com\/watch?v=d45w42rUSAk\" target=\"_blank\" rel=\"noopener\" data-full-res=\"https:\/\/i1.ytimg.com\/vi\/d45w42rUSAk\/maxresdefault.jpg\" data-img-src-set=\"{&quot;120&quot;:&quot;https:\\\/\\\/i1.ytimg.com\\\/vi\\\/d45w42rUSAk\\\/default.jpg&quot;,&quot;320&quot;:&quot;https:\\\/\\\/i1.ytimg.com\\\/vi\\\/d45w42rUSAk\\\/mqdefault.jpg&quot;,&quot;480&quot;:&quot;https:\\\/\\\/i1.ytimg.com\\\/vi\\\/d45w42rUSAk\\\/hqdefault.jpg&quot;,&quot;640&quot;:&quot;https:\\\/\\\/i1.ytimg.com\\\/vi\\\/d45w42rUSAk\\\/sddefault.jpg&quot;}\" data-video-id=\"d45w42rUSAk\" data-video-title=\"ESPOT - Continuem Per Tu 2023\">\n                <img decoding=\"async\" src=\"https:\/\/www.pertu.org\/wp-content\/plugins\/feeds-for-youtube\/img\/placeholder.png\" alt=\"Espot Per Tu, Eleccions Municipals Asc\u00f3 2023\n\nTothom som part d&#039;una hist\u00f2ria. Una hist\u00f2ria que t\u00e9 un poder \u00fanic: el poder de canviar vides, el poder de fer realitat els somnis, el poder de cr\u00e9ixer juntes i junts com a comunitat.\n\nSom la veu d&#039;Asc\u00f3 i plegades i plegats podem aconseguir grans coses. Hem de motivar-nos, donar-nos suport i treballar per un futur brillant per al nostre poble.\n \nPer Tu, som la difer\u00e8ncia, l\u2019\u00fanica alternativa real. Continuem transformant Asc\u00f3 en un lloc on tothom puguem seguir creixent i prosperant.\n\n#continuempertu #treballempertu #Asc\u00f3 #Tarragona \n\nM\u00fasica:\nFiftySounds\">\n\n                <div class=\"sby_thumbnail_hover sby_item_video_thumbnail_hover\">\n                    <div class=\"sby_thumbnail_hover_inner\">\n                                                    <span class=\"sby_video_title\" >ESPOT &#8211; Continuem Per Tu 2023<\/span>\n                                            <\/div>\n                <\/div>\n\n                                    <div class=\"sby_play_btn\" >\n                        <span class=\"sby_play_btn_bg\"><\/span>\n                        <svg aria-hidden=\"true\" focusable=\"false\" data-prefix=\"fab\" data-icon=\"youtube\" role=\"img\" xmlns=\"http:\/\/www.w3.org\/2000\/svg\" viewBox=\"0 0 576 512\" class=\"svg-inline--fa fa-youtube fa-w-18\"><path fill=\"currentColor\" d=\"M549.655 124.083c-6.281-23.65-24.787-42.276-48.284-48.597C458.781 64 288 64 288 64S117.22 64 74.629 75.486c-23.497 6.322-42.003 24.947-48.284 48.597-11.412 42.867-11.412 132.305-11.412 132.305s0 89.438 11.412 132.305c6.281 23.65 24.787 41.5 48.284 47.821C117.22 448 288 448 288 448s170.78 0 213.371-11.486c23.497-6.321 42.003-24.171 48.284-47.821 11.412-42.867 11.412-132.305 11.412-132.305s0-89.438-11.412-132.305zm-317.51 213.508V175.185l142.739 81.205-142.739 81.201z\" class=\"\"><\/path><\/svg>                    <\/div>\n                                <span class=\"sby_loader sby_hidden\" style=\"background-color: rgb(255, 255, 255);\"><\/span>\n            <\/a>\n\n                    <\/div>\n    <\/div>\n<\/div><div class=\"sby_item  sby_new sby_transition\" id=\"sby_UCur0VYdPhBK2ZY6jRX4FKUw_grQEDETYRe0\" data-date=\"1684094417\" data-video-id=\"grQEDETYRe0\">\n    <div class=\"sby_inner_item\">\n        <div class=\"sby_video_thumbnail_wrap sby_item_video_thumbnail_wrap\">\n            <a class=\"sby_video_thumbnail sby_item_video_thumbnail\" href=\"https:\/\/www.youtube.com\/watch?v=grQEDETYRe0\" target=\"_blank\" rel=\"noopener\" data-full-res=\"https:\/\/i4.ytimg.com\/vi\/grQEDETYRe0\/maxresdefault.jpg\" data-img-src-set=\"{&quot;120&quot;:&quot;https:\\\/\\\/i4.ytimg.com\\\/vi\\\/grQEDETYRe0\\\/default.jpg&quot;,&quot;320&quot;:&quot;https:\\\/\\\/i4.ytimg.com\\\/vi\\\/grQEDETYRe0\\\/mqdefault.jpg&quot;,&quot;480&quot;:&quot;https:\\\/\\\/i4.ytimg.com\\\/vi\\\/grQEDETYRe0\\\/hqdefault.jpg&quot;,&quot;640&quot;:&quot;https:\\\/\\\/i4.ytimg.com\\\/vi\\\/grQEDETYRe0\\\/sddefault.jpg&quot;}\" data-video-id=\"grQEDETYRe0\" data-video-title=\"#EquipPerTuAsc\u00f3 Coneix el Josep Maria Radu\u00e0\">\n                <img decoding=\"async\" src=\"https:\/\/www.pertu.org\/wp-content\/plugins\/feeds-for-youtube\/img\/placeholder.png\" alt=\"\u25b6\ufe0f#EquipPerTuAsc\u00f3 \ud83d\udc6a\n\ud83d\udc49Coneixem el Josep Maria Radu\u00e0, llicenciat en periodisme i mestre a l\u2019escola Sant Miquel\n\n\ud83d\udcaa Aposta per la cultura com a motor de dinamitzaci\u00f3 econ\u00f2mica i social\n\n#TreballemPerTu #continuempertu #Asc\u00f3 #tarragona \n\n\n\n\nM\u00fasica:\nFiftysounds\">\n\n                <div class=\"sby_thumbnail_hover sby_item_video_thumbnail_hover\">\n                    <div class=\"sby_thumbnail_hover_inner\">\n                                                    <span class=\"sby_video_title\" >#EquipPerTuAsc\u00f3 Coneix el Josep Maria Radu\u00e0<\/span>\n                                            <\/div>\n                <\/div>\n\n                                    <div class=\"sby_play_btn\" >\n                        <span class=\"sby_play_btn_bg\"><\/span>\n                        <svg aria-hidden=\"true\" focusable=\"false\" data-prefix=\"fab\" data-icon=\"youtube\" role=\"img\" xmlns=\"http:\/\/www.w3.org\/2000\/svg\" viewBox=\"0 0 576 512\" class=\"svg-inline--fa fa-youtube fa-w-18\"><path fill=\"currentColor\" d=\"M549.655 124.083c-6.281-23.65-24.787-42.276-48.284-48.597C458.781 64 288 64 288 64S117.22 64 74.629 75.486c-23.497 6.322-42.003 24.947-48.284 48.597-11.412 42.867-11.412 132.305-11.412 132.305s0 89.438 11.412 132.305c6.281 23.65 24.787 41.5 48.284 47.821C117.22 448 288 448 288 448s170.78 0 213.371-11.486c23.497-6.321 42.003-24.171 48.284-47.821 11.412-42.867 11.412-132.305 11.412-132.305s0-89.438-11.412-132.305zm-317.51 213.508V175.185l142.739 81.205-142.739 81.201z\" class=\"\"><\/path><\/svg>                    <\/div>\n                                <span class=\"sby_loader sby_hidden\" style=\"background-color: rgb(255, 255, 255);\"><\/span>\n            <\/a>\n\n                    <\/div>\n    <\/div>\n<\/div><div class=\"sby_item  sby_new sby_transition\" id=\"sby_UCur0VYdPhBK2ZY6jRX4FKUw_whltjZgi2Dc\" data-date=\"1684001467\" data-video-id=\"whltjZgi2Dc\">\n    <div class=\"sby_inner_item\">\n        <div class=\"sby_video_thumbnail_wrap sby_item_video_thumbnail_wrap\">\n            <a class=\"sby_video_thumbnail sby_item_video_thumbnail\" href=\"https:\/\/www.youtube.com\/watch?v=whltjZgi2Dc\" target=\"_blank\" rel=\"noopener\" data-full-res=\"https:\/\/i4.ytimg.com\/vi\/whltjZgi2Dc\/maxresdefault.jpg\" data-img-src-set=\"{&quot;120&quot;:&quot;https:\\\/\\\/i4.ytimg.com\\\/vi\\\/whltjZgi2Dc\\\/default.jpg&quot;,&quot;320&quot;:&quot;https:\\\/\\\/i4.ytimg.com\\\/vi\\\/whltjZgi2Dc\\\/mqdefault.jpg&quot;,&quot;480&quot;:&quot;https:\\\/\\\/i4.ytimg.com\\\/vi\\\/whltjZgi2Dc\\\/hqdefault.jpg&quot;,&quot;640&quot;:&quot;https:\\\/\\\/i4.ytimg.com\\\/vi\\\/whltjZgi2Dc\\\/sddefault.jpg&quot;}\" data-video-id=\"whltjZgi2Dc\" data-video-title=\"#EquipPerTuAsc\u00f3 Coneix la Montse Nicolau\">\n                <img decoding=\"async\" src=\"https:\/\/www.pertu.org\/wp-content\/plugins\/feeds-for-youtube\/img\/placeholder.png\" alt=\"\u25b6\ufe0f#EquipPerTuAsc\u00f3 \ud83d\udc6a\n\ud83d\udc49Coneixem la Montse Nicolau, professora jubilada de l\u2019Institut de Flix\n\n\ud83d\udcaa Aposta per tenir una formaci\u00f3 connectada al m\u00f3n empresarial\n\n#TreballemPerTu #continuempertu #Asc\u00f3 #Tarragona \n\nM\u00fasica:\nFiftysound\">\n\n                <div class=\"sby_thumbnail_hover sby_item_video_thumbnail_hover\">\n                    <div class=\"sby_thumbnail_hover_inner\">\n                                                    <span class=\"sby_video_title\" >#EquipPerTuAsc\u00f3 Coneix la Montse Nicolau<\/span>\n                                            <\/div>\n                <\/div>\n\n                                    <div class=\"sby_play_btn\" >\n                        <span class=\"sby_play_btn_bg\"><\/span>\n                        <svg aria-hidden=\"true\" focusable=\"false\" data-prefix=\"fab\" data-icon=\"youtube\" role=\"img\" xmlns=\"http:\/\/www.w3.org\/2000\/svg\" viewBox=\"0 0 576 512\" class=\"svg-inline--fa fa-youtube fa-w-18\"><path fill=\"currentColor\" d=\"M549.655 124.083c-6.281-23.65-24.787-42.276-48.284-48.597C458.781 64 288 64 288 64S117.22 64 74.629 75.486c-23.497 6.322-42.003 24.947-48.284 48.597-11.412 42.867-11.412 132.305-11.412 132.305s0 89.438 11.412 132.305c6.281 23.65 24.787 41.5 48.284 47.821C117.22 448 288 448 288 448s170.78 0 213.371-11.486c23.497-6.321 42.003-24.171 48.284-47.821 11.412-42.867 11.412-132.305 11.412-132.305s0-89.438-11.412-132.305zm-317.51 213.508V175.185l142.739 81.205-142.739 81.201z\" class=\"\"><\/path><\/svg>                    <\/div>\n                                <span class=\"sby_loader sby_hidden\" style=\"background-color: rgb(255, 255, 255);\"><\/span>\n            <\/a>\n\n                    <\/div>\n    <\/div>\n<\/div><div class=\"sby_item  sby_new sby_transition\" id=\"sby_UCur0VYdPhBK2ZY6jRX4FKUw_opSJIMoallc\" data-date=\"1683914421\" data-video-id=\"opSJIMoallc\">\n    <div class=\"sby_inner_item\">\n        <div class=\"sby_video_thumbnail_wrap sby_item_video_thumbnail_wrap\">\n            <a class=\"sby_video_thumbnail sby_item_video_thumbnail\" href=\"https:\/\/www.youtube.com\/watch?v=opSJIMoallc\" target=\"_blank\" rel=\"noopener\" data-full-res=\"https:\/\/i4.ytimg.com\/vi\/opSJIMoallc\/maxresdefault.jpg\" data-img-src-set=\"{&quot;120&quot;:&quot;https:\\\/\\\/i4.ytimg.com\\\/vi\\\/opSJIMoallc\\\/default.jpg&quot;,&quot;320&quot;:&quot;https:\\\/\\\/i4.ytimg.com\\\/vi\\\/opSJIMoallc\\\/mqdefault.jpg&quot;,&quot;480&quot;:&quot;https:\\\/\\\/i4.ytimg.com\\\/vi\\\/opSJIMoallc\\\/hqdefault.jpg&quot;,&quot;640&quot;:&quot;https:\\\/\\\/i4.ytimg.com\\\/vi\\\/opSJIMoallc\\\/sddefault.jpg&quot;}\" data-video-id=\"opSJIMoallc\" data-video-title=\"#EquipPerTuAsc\u00f3 Coneix el Tom\u00e0s Biarn\u00e9s\">\n                <img decoding=\"async\" src=\"https:\/\/www.pertu.org\/wp-content\/plugins\/feeds-for-youtube\/img\/placeholder.png\" alt=\"\u25b6\ufe0f#EquipPerTuAsc\u00f3 \ud83d\udc6a\n\ud83d\udc49Coneixem el Tom\u00e0s Biarn\u00e9s, 29 anys i t\u00e8cnic superior en telecomunicacions i inform\u00e0tica\n\n\ud83d\udcaa Aposta per un poble connectat tecnol\u00f2gicament i amb habitatges per la gent jove\n\n#TreballemPerTu #continuempertu \n\nM\u00fasica:\nFitfySounds\">\n\n                <div class=\"sby_thumbnail_hover sby_item_video_thumbnail_hover\">\n                    <div class=\"sby_thumbnail_hover_inner\">\n                                                    <span class=\"sby_video_title\" >#EquipPerTuAsc\u00f3 Coneix el Tom\u00e0s Biarn\u00e9s<\/span>\n                                            <\/div>\n                <\/div>\n\n                                    <div class=\"sby_play_btn\" >\n                        <span class=\"sby_play_btn_bg\"><\/span>\n                        <svg aria-hidden=\"true\" focusable=\"false\" data-prefix=\"fab\" data-icon=\"youtube\" role=\"img\" xmlns=\"http:\/\/www.w3.org\/2000\/svg\" viewBox=\"0 0 576 512\" class=\"svg-inline--fa fa-youtube fa-w-18\"><path fill=\"currentColor\" d=\"M549.655 124.083c-6.281-23.65-24.787-42.276-48.284-48.597C458.781 64 288 64 288 64S117.22 64 74.629 75.486c-23.497 6.322-42.003 24.947-48.284 48.597-11.412 42.867-11.412 132.305-11.412 132.305s0 89.438 11.412 132.305c6.281 23.65 24.787 41.5 48.284 47.821C117.22 448 288 448 288 448s170.78 0 213.371-11.486c23.497-6.321 42.003-24.171 48.284-47.821 11.412-42.867 11.412-132.305 11.412-132.305s0-89.438-11.412-132.305zm-317.51 213.508V175.185l142.739 81.205-142.739 81.201z\" class=\"\"><\/path><\/svg>                    <\/div>\n                                <span class=\"sby_loader sby_hidden\" style=\"background-color: rgb(255, 255, 255);\"><\/span>\n            <\/a>\n\n                    <\/div>\n    <\/div>\n<\/div><div class=\"sby_item  sby_new sby_transition\" id=\"sby_UCur0VYdPhBK2ZY6jRX4FKUw__31afOCLsKQ\" data-date=\"1683828011\" data-video-id=\"_31afOCLsKQ\">\n    <div class=\"sby_inner_item\">\n        <div class=\"sby_video_thumbnail_wrap sby_item_video_thumbnail_wrap\">\n            <a class=\"sby_video_thumbnail sby_item_video_thumbnail\" href=\"https:\/\/www.youtube.com\/watch?v=_31afOCLsKQ\" target=\"_blank\" rel=\"noopener\" data-full-res=\"https:\/\/i4.ytimg.com\/vi\/_31afOCLsKQ\/maxresdefault.jpg\" data-img-src-set=\"{&quot;120&quot;:&quot;https:\\\/\\\/i4.ytimg.com\\\/vi\\\/_31afOCLsKQ\\\/default.jpg&quot;,&quot;320&quot;:&quot;https:\\\/\\\/i4.ytimg.com\\\/vi\\\/_31afOCLsKQ\\\/mqdefault.jpg&quot;,&quot;480&quot;:&quot;https:\\\/\\\/i4.ytimg.com\\\/vi\\\/_31afOCLsKQ\\\/hqdefault.jpg&quot;,&quot;640&quot;:&quot;https:\\\/\\\/i4.ytimg.com\\\/vi\\\/_31afOCLsKQ\\\/sddefault.jpg&quot;}\" data-video-id=\"_31afOCLsKQ\" data-video-title=\"#EquipPerTuAsc\u00f3 Coneix la Margarita Daura\">\n                <img decoding=\"async\" src=\"https:\/\/www.pertu.org\/wp-content\/plugins\/feeds-for-youtube\/img\/placeholder.png\" alt=\"\u25b6\ufe0f#EquipPerTuAsc\u00f3 \ud83d\udc6a\n\ud83d\udc49Coneixem la Margarita Daura, \u00e0via i amb ganes que el seu net tingui un futur al poble.\n\n\ud83d\udcaa Considera que l\u2019atenci\u00f3 a les persones \u00e9s clau en totes les etapes de la vida.\n\n#TreballemPerTu #continuempertu\n\nM\u00fasica:\nFitfySounds\">\n\n                <div class=\"sby_thumbnail_hover sby_item_video_thumbnail_hover\">\n                    <div class=\"sby_thumbnail_hover_inner\">\n                                                    <span class=\"sby_video_title\" >#EquipPerTuAsc\u00f3 Coneix la Margarita Daura<\/span>\n                                            <\/div>\n                <\/div>\n\n                                    <div class=\"sby_play_btn\" >\n                        <span class=\"sby_play_btn_bg\"><\/span>\n                        <svg aria-hidden=\"true\" focusable=\"false\" data-prefix=\"fab\" data-icon=\"youtube\" role=\"img\" xmlns=\"http:\/\/www.w3.org\/2000\/svg\" viewBox=\"0 0 576 512\" class=\"svg-inline--fa fa-youtube fa-w-18\"><path fill=\"currentColor\" d=\"M549.655 124.083c-6.281-23.65-24.787-42.276-48.284-48.597C458.781 64 288 64 288 64S117.22 64 74.629 75.486c-23.497 6.322-42.003 24.947-48.284 48.597-11.412 42.867-11.412 132.305-11.412 132.305s0 89.438 11.412 132.305c6.281 23.65 24.787 41.5 48.284 47.821C117.22 448 288 448 288 448s170.78 0 213.371-11.486c23.497-6.321 42.003-24.171 48.284-47.821 11.412-42.867 11.412-132.305 11.412-132.305s0-89.438-11.412-132.305zm-317.51 213.508V175.185l142.739 81.205-142.739 81.201z\" class=\"\"><\/path><\/svg>                    <\/div>\n                                <span class=\"sby_loader sby_hidden\" style=\"background-color: rgb(255, 255, 255);\"><\/span>\n            <\/a>\n\n                    <\/div>\n    <\/div>\n<\/div><div class=\"sby_item  sby_new sby_transition\" id=\"sby_UCur0VYdPhBK2ZY6jRX4FKUw_iMgqosb9-AU\" data-date=\"1683741628\" data-video-id=\"iMgqosb9-AU\">\n    <div class=\"sby_inner_item\">\n        <div class=\"sby_video_thumbnail_wrap sby_item_video_thumbnail_wrap\">\n            <a class=\"sby_video_thumbnail sby_item_video_thumbnail\" href=\"https:\/\/www.youtube.com\/watch?v=iMgqosb9-AU\" target=\"_blank\" rel=\"noopener\" data-full-res=\"https:\/\/i2.ytimg.com\/vi\/iMgqosb9-AU\/maxresdefault.jpg\" data-img-src-set=\"{&quot;120&quot;:&quot;https:\\\/\\\/i2.ytimg.com\\\/vi\\\/iMgqosb9-AU\\\/default.jpg&quot;,&quot;320&quot;:&quot;https:\\\/\\\/i2.ytimg.com\\\/vi\\\/iMgqosb9-AU\\\/mqdefault.jpg&quot;,&quot;480&quot;:&quot;https:\\\/\\\/i2.ytimg.com\\\/vi\\\/iMgqosb9-AU\\\/hqdefault.jpg&quot;,&quot;640&quot;:&quot;https:\\\/\\\/i2.ytimg.com\\\/vi\\\/iMgqosb9-AU\\\/sddefault.jpg&quot;}\" data-video-id=\"iMgqosb9-AU\" data-video-title=\"#EquipPerTuAsc\u00f3 Coneix el Miloud Chellay\">\n                <img decoding=\"async\" src=\"https:\/\/www.pertu.org\/wp-content\/plugins\/feeds-for-youtube\/img\/placeholder.png\" alt=\"\u25b6\ufe0f#EquipPerTuAsc\u00f3 \ud83d\udc6a\n\ud83d\udc49Coneixem el Miloud Chellay, nascut al Marroc i agricultor\n\n\ud83d\udcaa Destaca les oportunitats del temps per provar noves collites i productes ecol\u00f2gics.\n\n#TreballemPerTu #continuempertu \n\nM\u00fasica:\nFiftySounds\">\n\n                <div class=\"sby_thumbnail_hover sby_item_video_thumbnail_hover\">\n                    <div class=\"sby_thumbnail_hover_inner\">\n                                                    <span class=\"sby_video_title\" >#EquipPerTuAsc\u00f3 Coneix el Miloud Chellay<\/span>\n                                            <\/div>\n                <\/div>\n\n                                    <div class=\"sby_play_btn\" >\n                        <span class=\"sby_play_btn_bg\"><\/span>\n                        <svg aria-hidden=\"true\" focusable=\"false\" data-prefix=\"fab\" data-icon=\"youtube\" role=\"img\" xmlns=\"http:\/\/www.w3.org\/2000\/svg\" viewBox=\"0 0 576 512\" class=\"svg-inline--fa fa-youtube fa-w-18\"><path fill=\"currentColor\" d=\"M549.655 124.083c-6.281-23.65-24.787-42.276-48.284-48.597C458.781 64 288 64 288 64S117.22 64 74.629 75.486c-23.497 6.322-42.003 24.947-48.284 48.597-11.412 42.867-11.412 132.305-11.412 132.305s0 89.438 11.412 132.305c6.281 23.65 24.787 41.5 48.284 47.821C117.22 448 288 448 288 448s170.78 0 213.371-11.486c23.497-6.321 42.003-24.171 48.284-47.821 11.412-42.867 11.412-132.305 11.412-132.305s0-89.438-11.412-132.305zm-317.51 213.508V175.185l142.739 81.205-142.739 81.201z\" class=\"\"><\/path><\/svg>                    <\/div>\n                                <span class=\"sby_loader sby_hidden\" style=\"background-color: rgb(255, 255, 255);\"><\/span>\n            <\/a>\n\n                    <\/div>\n    <\/div>\n<\/div>    <\/div>\n    \n\t<div class=\"sby_footer\">\n\n    <button type=\"button\" aria-label=\"Load more content\" class=\"sby_load_btn\"  >\n        <span class=\"sby_btn_text\" >Load More&#8230;<\/span>\n        <span class=\"sby_loader sby_hidden\" style=\"background-color: rgb(255, 255, 255);\"><\/span>\n    <\/button>\n\n    <span \n        class=\"sby_follow_btn\" \n            >\n        <a \n            href=\"https:\/\/www.youtube.com\/channel\/UCur0VYdPhBK2ZY6jRX4FKUw\/\"\n             \n            target=\"_blank\" \n            rel=\"noopener\"\n        >\n            <svg aria-hidden=\"true\" focusable=\"false\" data-prefix=\"fab\" data-icon=\"youtube\" role=\"img\" xmlns=\"http:\/\/www.w3.org\/2000\/svg\" viewBox=\"0 0 576 512\" class=\"svg-inline--fa fa-youtube fa-w-18\"><path fill=\"currentColor\" d=\"M549.655 124.083c-6.281-23.65-24.787-42.276-48.284-48.597C458.781 64 288 64 288 64S117.22 64 74.629 75.486c-23.497 6.322-42.003 24.947-48.284 48.597-11.412 42.867-11.412 132.305-11.412 132.305s0 89.438 11.412 132.305c6.281 23.65 24.787 41.5 48.284 47.821C117.22 448 288 448 288 448s170.78 0 213.371-11.486c23.497-6.321 42.003-24.171 48.284-47.821 11.412-42.867 11.412-132.305 11.412-132.305s0-89.438-11.412-132.305zm-317.51 213.508V175.185l142.739 81.205-142.739 81.201z\" class=\"\"><\/path><\/svg>            <span  >\n                Subscribe            <\/span>\n        <\/a>\n    <\/span>\n<\/div>\n    \n\t\n<\/div>\n\n<style type=\"text\/css\">body #sb_youtube_sbyUCur0VYdPhBK2ZY6jRX4FKUw9 .sby_caption_wrap .sby_caption { font-size: 13px !important}body #sb_youtube_sbyUCur0VYdPhBK2ZY6jRX4FKUw9 .sby_follow_btn a:hover { box-shadow:inset 0 0 10px 20px rgb(255, 255, 255, .25) !important}body #sb_youtube_sbyUCur0VYdPhBK2ZY6jRX4FKUw9[data-videostyle=boxed] .sby_items_wrap .sby_item .sby_inner_item { background-color: #ffffff !important}<\/style>","protected":false},"excerpt":{"rendered":"<p>PER TU \u00e9s un partit pol\u00edtic de car\u00e0cter municipalista que neix l&#8217;any 2019 a Asc\u00f3. El seu objectiu: donar resposta a les inquietuds de la ciutadania davant els reptes als quals s\u2019encararia el poble en els propers anys. Despr\u00e9s de guanyar les eleccions a Asc\u00f3, PER TU es veu amb la voluntat de cr\u00e9ixer i &hellip; <\/p>\n<p class=\"link-more\"><a href=\"https:\/\/www.pertu.org\/\" class=\"more-link\">Continua llegint <span class=\"screen-reader-text\">\u00abQui som?\u00bb<\/span><\/a><\/p>\n","protected":false},"author":2,"featured_media":0,"parent":0,"menu_order":0,"comment_status":"closed","ping_status":"closed","template":"","meta":{"_exactmetrics_skip_tracking":false,"_exactmetrics_sitenote_active":false,"_exactmetrics_sitenote_note":"","_exactmetrics_sitenote_category":0,"footnotes":""},"class_list":["post-384","page","type-page","status-publish","hentry"],"_links":{"self":[{"href":"https:\/\/www.pertu.org\/index.php\/wp-json\/wp\/v2\/pages\/384","targetHints":{"allow":["GET"]}}],"collection":[{"href":"https:\/\/www.pertu.org\/index.php\/wp-json\/wp\/v2\/pages"}],"about":[{"href":"https:\/\/www.pertu.org\/index.php\/wp-json\/wp\/v2\/types\/page"}],"author":[{"embeddable":true,"href":"https:\/\/www.pertu.org\/index.php\/wp-json\/wp\/v2\/users\/2"}],"replies":[{"embeddable":true,"href":"https:\/\/www.pertu.org\/index.php\/wp-json\/wp\/v2\/comments?post=384"}],"version-history":[{"count":10,"href":"https:\/\/www.pertu.org\/index.php\/wp-json\/wp\/v2\/pages\/384\/revisions"}],"predecessor-version":[{"id":464,"href":"https:\/\/www.pertu.org\/index.php\/wp-json\/wp\/v2\/pages\/384\/revisions\/464"}],"wp:attachment":[{"href":"https:\/\/www.pertu.org\/index.php\/wp-json\/wp\/v2\/media?parent=384"}],"curies":[{"name":"wp","href":"https:\/\/api.w.org\/{rel}","templated":true}]}}